{"id":6,"date":"2018-11-01T14:52:06","date_gmt":"2018-11-01T13:52:06","guid":{"rendered":"http:\/\/www.contactfm72.fr\/?page_id=6"},"modified":"2025-05-04T11:56:36","modified_gmt":"2025-05-04T09:56:36","slug":"contactfm72-fr","status":"publish","type":"page","link":"https:\/\/contactfm72.fr\/","title":{"rendered":"Accueil"},"content":{"rendered":"<div class=\"wpb-content-wrapper\"><p>[vc_row type=&#8221;vc_default&#8221; equal_height=&#8221;yes&#8221; css=&#8221;.vc_custom_1558360646610{margin-top: -30px !important;}&#8221;][vc_column css=&#8221;.vc_custom_1555603961001{background-color: #ffffff !important;}&#8221;][rev_slider_vc alias=&#8221;accueil&#8221;][vc_column_text css=&#8221;.vc_custom_1555661658495{padding-top: 10px !important;padding-right: 10px !important;padding-bottom: 10px !important;padding-left: 10px !important;background-color: #f20050 !important;}&#8221;]<\/p>\n<h2 style=\"text-align: center;\"><span style=\"color: #ffffff;\">L\u2019ACTUALIT\u00c9<\/span><\/h2>\n<p>[\/vc_column_text]<style type=\"text\/css\" data-type=\"the7_shortcodes-inline-css\">.blog-shortcode.blog-masonry-shortcode-id-c920c69815bc31e2f45185149ad3f87e.content-bg-on.classic-layout-list article {\n  background: #f7f7f7;\n  box-shadow: none;\n}\n.blog-shortcode.blog-masonry-shortcode-id-c920c69815bc31e2f45185149ad3f87e.dividers-on.classic-layout-list article {\n  padding-top: 0;\n}\n.blog-shortcode.blog-masonry-shortcode-id-c920c69815bc31e2f45185149ad3f87e.dividers-on.classic-layout-list article:first-of-type {\n  margin-top: 0;\n  padding-top: 0;\n}\n.blog-shortcode.blog-masonry-shortcode-id-c920c69815bc31e2f45185149ad3f87e.classic-layout-list.mode-list .post-entry-content {\n  width: calc(100% - );\n}\n.blog-shortcode.blog-masonry-shortcode-id-c920c69815bc31e2f45185149ad3f87e.classic-layout-list.mode-list .no-img .post-entry-content {\n  width: 100%;\n}\n.blog-shortcode.blog-masonry-shortcode-id-c920c69815bc31e2f45185149ad3f87e .filter-bg-decoration .filter-categories a.act {\n  color: #fff;\n}\n.blog-shortcode.blog-masonry-shortcode-id-c920c69815bc31e2f45185149ad3f87e:not(.mode-masonry) article:first-of-type,\n.blog-shortcode.blog-masonry-shortcode-id-c920c69815bc31e2f45185149ad3f87e:not(.mode-masonry) article.visible.first:not(.product) {\n  margin-top: 0;\n}\n.blog-shortcode.blog-masonry-shortcode-id-c920c69815bc31e2f45185149ad3f87e.dividers-on:not(.mode-masonry) article {\n  margin-top: 0;\n}\n.blog-shortcode.blog-masonry-shortcode-id-c920c69815bc31e2f45185149ad3f87e.dividers-on:not(.mode-masonry) article:first-of-type,\n.blog-shortcode.blog-masonry-shortcode-id-c920c69815bc31e2f45185149ad3f87e.dividers-on:not(.mode-masonry) article.visible.first:not(.product) {\n  margin-top: 0;\n  padding-top: 0;\n}\n.blog-shortcode.blog-masonry-shortcode-id-c920c69815bc31e2f45185149ad3f87e .post-thumbnail-wrap {\n  padding: 0px 0px 0px 0px;\n}\n.blog-shortcode.blog-masonry-shortcode-id-c920c69815bc31e2f45185149ad3f87e.enable-bg-rollover .post-thumbnail-rollover:after {\n  background: -webkit-linear-gradient();\n  background: linear-gradient();\n}\n.blog-shortcode.blog-masonry-shortcode-id-c920c69815bc31e2f45185149ad3f87e .gallery-zoom-ico {\n  width: 44px;\n  height: 44px;\n  line-height: 44px;\n  border-radius: 100px;\n  margin: -22px 0 0 -22px;\n  border-width: 0px;\n  color: #ffffff;\n}\n.bottom-overlap-layout-list.blog-shortcode.blog-masonry-shortcode-id-c920c69815bc31e2f45185149ad3f87e .gallery-zoom-ico {\n  margin-top: -72px;\n}\n.gradient-overlay-layout-list.blog-shortcode.blog-masonry-shortcode-id-c920c69815bc31e2f45185149ad3f87e .gallery-zoom-ico,\n.content-rollover-layout-list.blog-shortcode.blog-masonry-shortcode-id-c920c69815bc31e2f45185149ad3f87e .gallery-zoom-ico {\n  margin: 0 0 10px;\n}\n.content-align-center.gradient-overlay-layout-list.blog-shortcode.blog-masonry-shortcode-id-c920c69815bc31e2f45185149ad3f87e .gallery-zoom-ico,\n.content-align-center.content-rollover-layout-list.blog-shortcode.blog-masonry-shortcode-id-c920c69815bc31e2f45185149ad3f87e .gallery-zoom-ico {\n  margin: 0 auto 10px;\n}\n.dt-icon-bg-on.blog-shortcode.blog-masonry-shortcode-id-c920c69815bc31e2f45185149ad3f87e .gallery-zoom-ico {\n  background: rgba(255,255,255,0.3);\n  box-shadow: none;\n}\n.blog-shortcode.blog-masonry-shortcode-id-c920c69815bc31e2f45185149ad3f87e .gallery-zoom-ico > span,\n.blog-shortcode.blog-masonry-shortcode-id-c920c69815bc31e2f45185149ad3f87e .gallery-zoom-ico:before {\n  font-size: 32px;\n  line-height: 44px;\n}\n.blog-shortcode.blog-masonry-shortcode-id-c920c69815bc31e2f45185149ad3f87e .gallery-zoom-ico > span,\n.blog-shortcode.blog-masonry-shortcode-id-c920c69815bc31e2f45185149ad3f87e .gallery-zoom-ico:before {\n  color: #ffffff;\n}\n.blog-shortcode.blog-masonry-shortcode-id-c920c69815bc31e2f45185149ad3f87e .entry-title,\n.blog-shortcode.blog-masonry-shortcode-id-c920c69815bc31e2f45185149ad3f87e.owl-carousel .entry-title {\n  margin-bottom: 5px;\n  font-weight: bold;\n}\n.blog-shortcode.blog-masonry-shortcode-id-c920c69815bc31e2f45185149ad3f87e .entry-meta {\n  margin-bottom: 15px;\n}\n.blog-shortcode.blog-masonry-shortcode-id-c920c69815bc31e2f45185149ad3f87e .portfolio-categories {\n  margin-bottom: 15px;\n}\n.blog-shortcode.blog-masonry-shortcode-id-c920c69815bc31e2f45185149ad3f87e .entry-excerpt {\n  margin-bottom: 5px;\n}\n.blog-shortcode.blog-masonry-shortcode-id-c920c69815bc31e2f45185149ad3f87e:not(.centered-layout-list) .post-entry-content {\n  padding: 25px 30px 30px 30px;\n}\n.blog-shortcode.blog-masonry-shortcode-id-c920c69815bc31e2f45185149ad3f87e:not(.centered-layout-list):not(.content-bg-on):not(.mode-list) .no-img .post-entry-content {\n  padding: 0;\n}\n.blog-shortcode.blog-masonry-shortcode-id-c920c69815bc31e2f45185149ad3f87e.content-bg-on:not(.classic-layout-list):not(.centered-layout-list) .post-entry-content {\n  background: #f7f7f7;\n  box-shadow: none;\n}\n@media screen and (max-width: ) {\n  .blog-shortcode.blog-masonry-shortcode-id-c920c69815bc31e2f45185149ad3f87e article {\n    -ms-flex-flow: column nowrap;\n    flex-flow: column nowrap;\n    margin-top: 20px;\n  }\n  .blog-shortcode.blog-masonry-shortcode-id-c920c69815bc31e2f45185149ad3f87e.dividers-on article {\n    border: none;\n  }\n  .blog-shortcode.blog-masonry-shortcode-id-c920c69815bc31e2f45185149ad3f87e.content-bg-on.centered-layout-list article {\n    padding: 0;\n  }\n  .blog-shortcode.blog-masonry-shortcode-id-c920c69815bc31e2f45185149ad3f87e.blog-shortcode.dividers-on article,\n  .blog-shortcode.blog-masonry-shortcode-id-c920c69815bc31e2f45185149ad3f87e.dividers-on.classic-layout-list article {\n    margin-top: 20px;\n    padding: 0;\n  }\n  .blog-shortcode.blog-masonry-shortcode-id-c920c69815bc31e2f45185149ad3f87e.blog-shortcode.dividers-on article:first-of-type,\n  .blog-shortcode.blog-masonry-shortcode-id-c920c69815bc31e2f45185149ad3f87e.dividers-on.classic-layout-list article:first-of-type {\n    padding: 0;\n  }\n  #page .blog-shortcode.blog-masonry-shortcode-id-c920c69815bc31e2f45185149ad3f87e .post-thumbnail-wrap,\n  #page .blog-shortcode.blog-masonry-shortcode-id-c920c69815bc31e2f45185149ad3f87e .post-entry-content {\n    width: 100%;\n    margin: 0;\n    top: 0;\n  }\n  #page .blog-shortcode.blog-masonry-shortcode-id-c920c69815bc31e2f45185149ad3f87e .post-thumbnail-wrap {\n    padding: 0;\n  }\n  #page .blog-shortcode.blog-masonry-shortcode-id-c920c69815bc31e2f45185149ad3f87e .post-entry-content:after {\n    display: none;\n  }\n  #page .blog-shortcode.blog-masonry-shortcode-id-c920c69815bc31e2f45185149ad3f87e .project-even .post-thumbnail-wrap,\n  #page .blog-shortcode.blog-masonry-shortcode-id-c920c69815bc31e2f45185149ad3f87e.centered-layout-list .post-thumbnail-wrap {\n    -ms-flex-order: 0;\n    order: 0;\n  }\n  #page .blog-shortcode.blog-masonry-shortcode-id-c920c69815bc31e2f45185149ad3f87e.centered-layout-list .post-entry-title-content {\n    -ms-flex-order: 1;\n    order: 1;\n    width: 100%;\n    padding: 20px 20px 0;\n  }\n  #page .blog-shortcode.blog-masonry-shortcode-id-c920c69815bc31e2f45185149ad3f87e.centered-layout-list .post-entry-content {\n    -ms-flex-order: 2;\n    order: 2;\n    padding-top: 0;\n  }\n  #page .blog-shortcode.blog-masonry-shortcode-id-c920c69815bc31e2f45185149ad3f87e .fancy-categories {\n    top: 10px;\n    left: 10px;\n    bottom: auto;\n    right: auto;\n  }\n  #page .blog-shortcode.blog-masonry-shortcode-id-c920c69815bc31e2f45185149ad3f87e .fancy-date a {\n    top: 10px;\n    right: 10px;\n    left: auto;\n    bottom: auto;\n  }\n  #page .blog-shortcode.blog-masonry-shortcode-id-c920c69815bc31e2f45185149ad3f87e .post-entry-content {\n    padding: 20px;\n  }\n  #page .blog-shortcode.blog-masonry-shortcode-id-c920c69815bc31e2f45185149ad3f87e .entry-title {\n    margin: 3px 0 5px;\n    font-size: 20px;\n    line-height: 26px;\n  }\n  #page .blog-shortcode.blog-masonry-shortcode-id-c920c69815bc31e2f45185149ad3f87e .entry-meta {\n    margin: 5px 0 5px;\n  }\n  #page .blog-shortcode.blog-masonry-shortcode-id-c920c69815bc31e2f45185149ad3f87e .entry-excerpt {\n    margin: 15px 0 0;\n  }\n  #page .blog-shortcode.blog-masonry-shortcode-id-c920c69815bc31e2f45185149ad3f87e .post-details {\n    margin: 5px 0 10px;\n  }\n  #page .blog-shortcode.blog-masonry-shortcode-id-c920c69815bc31e2f45185149ad3f87e .post-details.details-type-link {\n    margin-bottom: 2px;\n  }\n}\n.blog-shortcode.blog-masonry-shortcode-id-c920c69815bc31e2f45185149ad3f87e:not(.resize-by-browser-width) .dt-css-grid {\n  grid-row-gap: 30px;\n  grid-column-gap: 30px;\n  grid-template-columns: repeat(auto-fill,minmax(,1fr));\n}\n.blog-shortcode.blog-masonry-shortcode-id-c920c69815bc31e2f45185149ad3f87e:not(.resize-by-browser-width) .dt-css-grid .double-width {\n  grid-column: span 2;\n}\n.cssgridlegacy.no-cssgrid .blog-shortcode.blog-masonry-shortcode-id-c920c69815bc31e2f45185149ad3f87e:not(.resize-by-browser-width) .dt-css-grid,\n.no-cssgridlegacy.no-cssgrid .blog-shortcode.blog-masonry-shortcode-id-c920c69815bc31e2f45185149ad3f87e:not(.resize-by-browser-width) .dt-css-grid {\n  display: flex;\n  flex-flow: row wrap;\n  margin: -15px;\n}\n.cssgridlegacy.no-cssgrid .blog-shortcode.blog-masonry-shortcode-id-c920c69815bc31e2f45185149ad3f87e:not(.resize-by-browser-width) .dt-css-grid .wf-cell,\n.no-cssgridlegacy.no-cssgrid .blog-shortcode.blog-masonry-shortcode-id-c920c69815bc31e2f45185149ad3f87e:not(.resize-by-browser-width) .dt-css-grid .wf-cell {\n  flex: 1 0 ;\n  max-width: 100%;\n  padding: 15px;\n  box-sizing: border-box;\n}\n.blog-shortcode.blog-masonry-shortcode-id-c920c69815bc31e2f45185149ad3f87e.resize-by-browser-width .dt-css-grid {\n  grid-template-columns: repeat(3,1fr);\n  grid-template-rows: auto;\n  grid-column-gap: 30px;\n  grid-row-gap: 30px;\n}\n.blog-shortcode.blog-masonry-shortcode-id-c920c69815bc31e2f45185149ad3f87e.resize-by-browser-width .dt-css-grid .double-width {\n  grid-column: span 2;\n}\n.cssgridlegacy.no-cssgrid .blog-shortcode.blog-masonry-shortcode-id-c920c69815bc31e2f45185149ad3f87e.resize-by-browser-width .dt-css-grid {\n  margin: -15px;\n}\n.cssgridlegacy.no-cssgrid .blog-shortcode.blog-masonry-shortcode-id-c920c69815bc31e2f45185149ad3f87e.resize-by-browser-width .dt-css-grid .wf-cell {\n  width: 33.333333333333%;\n  padding: 15px;\n}\n.cssgridlegacy.no-cssgrid .blog-shortcode.blog-masonry-shortcode-id-c920c69815bc31e2f45185149ad3f87e.resize-by-browser-width .dt-css-grid .wf-cell.double-width {\n  width: calc(33.333333333333%) * 2;\n}\n.blog-shortcode.blog-masonry-shortcode-id-c920c69815bc31e2f45185149ad3f87e.resize-by-browser-width:not(.centered-layout-list):not(.content-bg-on) .dt-css-grid {\n  grid-row-gap: 0px;\n}\n@media screen and (max-width: 1199px) {\n  .blog-shortcode.blog-masonry-shortcode-id-c920c69815bc31e2f45185149ad3f87e.resize-by-browser-width .dt-css-grid {\n    grid-template-columns: repeat(3,1fr);\n  }\n  .cssgridlegacy.no-cssgrid .blog-shortcode.blog-masonry-shortcode-id-c920c69815bc31e2f45185149ad3f87e.resize-by-browser-width .dt-css-grid .wf-cell,\n  .no-cssgridlegacy.no-cssgrid .blog-shortcode.blog-masonry-shortcode-id-c920c69815bc31e2f45185149ad3f87e.resize-by-browser-width .dt-css-grid .wf-cell {\n    width: 33.333333333333%;\n  }\n  .cssgridlegacy.no-cssgrid .blog-shortcode.blog-masonry-shortcode-id-c920c69815bc31e2f45185149ad3f87e.resize-by-browser-width .dt-css-grid .wf-cell.double-width,\n  .no-cssgridlegacy.no-cssgrid .blog-shortcode.blog-masonry-shortcode-id-c920c69815bc31e2f45185149ad3f87e.resize-by-browser-width .dt-css-grid .wf-cell.double-width {\n    width: calc(33.333333333333%)*2;\n  }\n}\n@media screen and (max-width: 991px) {\n  .blog-shortcode.blog-masonry-shortcode-id-c920c69815bc31e2f45185149ad3f87e.resize-by-browser-width .dt-css-grid {\n    grid-template-columns: repeat(2,1fr);\n  }\n  .cssgridlegacy.no-cssgrid .blog-shortcode.blog-masonry-shortcode-id-c920c69815bc31e2f45185149ad3f87e.resize-by-browser-width .dt-css-grid .wf-cell,\n  .no-cssgridlegacy.no-cssgrid .blog-shortcode.blog-masonry-shortcode-id-c920c69815bc31e2f45185149ad3f87e.resize-by-browser-width .dt-css-grid .wf-cell {\n    width: 50%;\n  }\n  .cssgridlegacy.no-cssgrid .blog-shortcode.blog-masonry-shortcode-id-c920c69815bc31e2f45185149ad3f87e.resize-by-browser-width .dt-css-grid .wf-cell.double-width,\n  .no-cssgridlegacy.no-cssgrid .blog-shortcode.blog-masonry-shortcode-id-c920c69815bc31e2f45185149ad3f87e.resize-by-browser-width .dt-css-grid .wf-cell.double-width {\n    width: calc(50%)*2;\n  }\n}\n@media screen and (max-width: 767px) {\n  .blog-shortcode.blog-masonry-shortcode-id-c920c69815bc31e2f45185149ad3f87e.resize-by-browser-width .dt-css-grid {\n    grid-template-columns: repeat(1,1fr);\n  }\n  .blog-shortcode.blog-masonry-shortcode-id-c920c69815bc31e2f45185149ad3f87e.resize-by-browser-width .dt-css-grid .double-width {\n    grid-column: span 1;\n  }\n  .cssgridlegacy.no-cssgrid .blog-shortcode.blog-masonry-shortcode-id-c920c69815bc31e2f45185149ad3f87e.resize-by-browser-width .dt-css-grid .wf-cell,\n  .no-cssgridlegacy.no-cssgrid .blog-shortcode.blog-masonry-shortcode-id-c920c69815bc31e2f45185149ad3f87e.resize-by-browser-width .dt-css-grid .wf-cell {\n    width: 100%;\n  }\n  .cssgridlegacy.no-cssgrid .blog-shortcode.blog-masonry-shortcode-id-c920c69815bc31e2f45185149ad3f87e.resize-by-browser-width .dt-css-grid .wf-cell.double-width,\n  .no-cssgridlegacy.no-cssgrid .blog-shortcode.blog-masonry-shortcode-id-c920c69815bc31e2f45185149ad3f87e.resize-by-browser-width .dt-css-grid .wf-cell.double-width {\n    width: calc(100%)*2;\n  }\n}<\/style><div class=\"blog-shortcode blog-masonry-shortcode-id-c920c69815bc31e2f45185149ad3f87e mode-grid classic-layout-list content-bg-on jquery-filter scale-img meta-info-off dt-css-grid-wrap dt-icon-bg-off resize-by-browser-width loading-effect-none description-under-image \" data-padding=\"15px\" data-cur-page=\"1\" data-post-limit=\"-1\" data-pagination-mode=\"none\" data-desktop-columns-num=\"3\" data-v-tablet-columns-num=\"2\" data-h-tablet-columns-num=\"3\" data-phone-columns-num=\"1\" data-width=\"0px\" data-columns=\"0\"><div class=\"dt-css-grid\" ><div class=\"visible wf-cell\" data-post-id=\"22024\" data-date=\"2026-04-29T15:07:19+02:00\" data-name=\"Kestu Bouine ? : La f\u00eate populaire agri&#039;culturelle qui r\u00e9veille Mar\u00e7on samedi 2 mai\"><article class=\"post project-odd visible post-22024 type-post status-publish format-standard has-post-thumbnail hentry category-contact-fm-72 category-linterview-du-jour category-1 category-5\" data-name=\"Kestu Bouine ? : La f\u00eate populaire agri&#8217;culturelle qui r\u00e9veille Mar\u00e7on samedi 2 mai\" data-date=\"2026-04-29T15:07:19+02:00\">\n\n<div class=\"post-thumbnail-wrap\">\n\t<div class=\"post-thumbnail\">\n\t\t\n\t\t\n\t\t<a href=\"https:\/\/contactfm72.fr\/?p=22024\" class=\"post-thumbnail-rollover layzr-bg layzr-bg\" ><img fetchpriority=\"high\" decoding=\"async\" class=\"iso-lazy-load preload-me iso-lazy-load aspect\" src=\"data:image\/svg+xml,%3Csvg%20xmlns%3D&#39;http%3A%2F%2Fwww.w3.org%2F2000%2Fsvg&#39;%20viewBox%3D&#39;0%200%20768%20512&#39;%2F%3E\" data-src=\"https:\/\/contactfm72.fr\/wp-content\/uploads\/2026\/04\/Kestu-Bouine-scaled-768x512.jpg\" data-srcset=\"https:\/\/contactfm72.fr\/wp-content\/uploads\/2026\/04\/Kestu-Bouine-scaled-768x512.jpg 768w, https:\/\/contactfm72.fr\/wp-content\/uploads\/2026\/04\/Kestu-Bouine-scaled-1152x768.jpg 1152w\" loading=\"eager\" style=\"--ratio: 768 \/ 512\" sizes=\"(max-width: 768px) 100vw, 768px\" alt=\"\" title=\"Kestu Bouine\" width=\"768\" height=\"512\"  \/><\/a>\t<\/div>\n<\/div>\n\n\n<div class=\"post-entry-content\">\n\n\t<h3 class=\"entry-title\">\n\t\t<a href=\"https:\/\/contactfm72.fr\/?p=22024\" title=\"Kestu Bouine ? : La f\u00eate populaire agri&#8217;culturelle qui r\u00e9veille Mar\u00e7on samedi 2 mai\" rel=\"bookmark\">Kestu Bouine ? : La f\u00eate populaire agri&#8217;culturelle qui r\u00e9veille Mar\u00e7on samedi 2 mai<\/a>\n\t<\/h3>\n\n\t\n\t<div class=\"entry-excerpt\"><p>Aujourd&#8217;hui dans l&#8217;interview du jour, on fait chauffer les micros\u2026<\/p>\n<!-- AddThis Advanced Settings generic via filter on the_excerpt --><!-- AddThis Share Buttons generic via filter on the_excerpt --><\/div>\n\t\n<a href=\"https:\/\/contactfm72.fr\/?p=22024\" class=\"post-details details-type-link\" aria-label=\"Read more about Kestu Bouine ? : La f\u00eate populaire agri&#8217;culturelle qui r\u00e9veille Mar\u00e7on samedi 2 mai\">Lire la suite<i class=\"dt-icon-the7-arrow-03\" aria-hidden=\"true\"><\/i><\/a>\n\n<\/div><\/article><\/div><div class=\"visible wf-cell\" data-post-id=\"21998\" data-date=\"2026-04-29T12:49:13+02:00\" data-name=\"Vivez la dolce vita le temps de l&#039;\u00e9mission &quot;Voyages, voyages&quot; avec H\u00e9l\u00e8ne et Mick\"><article class=\"post project-odd visible post-21998 type-post status-publish format-standard has-post-thumbnail hentry category-contact-fm-72 category-voyages category-1 category-96\" data-name=\"Vivez la dolce vita le temps de l&#8217;\u00e9mission &#8220;Voyages, voyages&#8221; avec H\u00e9l\u00e8ne et Mick\" data-date=\"2026-04-29T12:49:13+02:00\">\n\n<div class=\"post-thumbnail-wrap\">\n\t<div class=\"post-thumbnail\">\n\t\t\n\t\t\n\t\t<a href=\"https:\/\/contactfm72.fr\/?p=21998\" class=\"post-thumbnail-rollover layzr-bg layzr-bg\" ><img decoding=\"async\" class=\"iso-lazy-load preload-me iso-lazy-load aspect\" src=\"data:image\/svg+xml,%3Csvg%20xmlns%3D&#39;http%3A%2F%2Fwww.w3.org%2F2000%2Fsvg&#39;%20viewBox%3D&#39;0%200%20768%20512&#39;%2F%3E\" data-src=\"https:\/\/contactfm72.fr\/wp-content\/uploads\/2026\/04\/20A82F39-E04B-49F2-8111-350BB3409E1D-768x512.png\" data-srcset=\"https:\/\/contactfm72.fr\/wp-content\/uploads\/2026\/04\/20A82F39-E04B-49F2-8111-350BB3409E1D-768x512.png 768w, https:\/\/contactfm72.fr\/wp-content\/uploads\/2026\/04\/20A82F39-E04B-49F2-8111-350BB3409E1D-1152x768.png 1152w\" loading=\"eager\" style=\"--ratio: 768 \/ 512\" sizes=\"(max-width: 768px) 100vw, 768px\" alt=\"\" title=\"20A82F39-E04B-49F2-8111-350BB3409E1D\" width=\"768\" height=\"512\"  \/><\/a>\t<\/div>\n<\/div>\n\n\n<div class=\"post-entry-content\">\n\n\t<h3 class=\"entry-title\">\n\t\t<a href=\"https:\/\/contactfm72.fr\/?p=21998\" title=\"Vivez la dolce vita le temps de l&#8217;\u00e9mission &#8220;Voyages, voyages&#8221; avec H\u00e9l\u00e8ne et Mick\" rel=\"bookmark\">Vivez la dolce vita le temps de l&#8217;\u00e9mission &#8220;Voyages, voyages&#8221; avec H\u00e9l\u00e8ne et Mick<\/a>\n\t<\/h3>\n\n\t\n\t<div class=\"entry-excerpt\"><p>H\u00e9l\u00e8ne Primaux et Mick Quillien travaillent dans une grande compagnie\u2026<\/p>\n<!-- AddThis Advanced Settings generic via filter on the_excerpt --><!-- AddThis Share Buttons generic via filter on the_excerpt --><\/div>\n\t\n<a href=\"https:\/\/contactfm72.fr\/?p=21998\" class=\"post-details details-type-link\" aria-label=\"Read more about Vivez la dolce vita le temps de l&#8217;\u00e9mission &#8220;Voyages, voyages&#8221; avec H\u00e9l\u00e8ne et Mick\">Lire la suite<i class=\"dt-icon-the7-arrow-03\" aria-hidden=\"true\"><\/i><\/a>\n\n<\/div><\/article><\/div><div class=\"visible wf-cell\" data-post-id=\"22013\" data-date=\"2026-04-29T11:08:30+02:00\" data-name=\"Connais-tu l&#039;histoire... de la catastrophe nucl\u00e9aire de Tchernobyl survenue il y a 40 ans ?\"><article class=\"post project-odd visible post-22013 type-post status-publish format-standard has-post-thumbnail hentry category-connais-tu-lhistoire category-contact-fm-72 category-94 category-1\" data-name=\"Connais-tu l&#8217;histoire&#8230; de la catastrophe nucl\u00e9aire de Tchernobyl survenue il y a 40 ans ?\" data-date=\"2026-04-29T11:08:30+02:00\">\n\n<div class=\"post-thumbnail-wrap\">\n\t<div class=\"post-thumbnail\">\n\t\t\n\t\t\n\t\t<a href=\"https:\/\/contactfm72.fr\/?p=22013\" class=\"post-thumbnail-rollover layzr-bg layzr-bg\" ><img decoding=\"async\" class=\"iso-lazy-load preload-me iso-lazy-load aspect\" src=\"data:image\/svg+xml,%3Csvg%20xmlns%3D&#39;http%3A%2F%2Fwww.w3.org%2F2000%2Fsvg&#39;%20viewBox%3D&#39;0%200%20768%20512&#39;%2F%3E\" data-src=\"https:\/\/contactfm72.fr\/wp-content\/uploads\/2026\/04\/ImageTchernobyl-768x512.png\" data-srcset=\"https:\/\/contactfm72.fr\/wp-content\/uploads\/2026\/04\/ImageTchernobyl-768x512.png 768w, https:\/\/contactfm72.fr\/wp-content\/uploads\/2026\/04\/ImageTchernobyl-1152x768.png 1152w\" loading=\"eager\" style=\"--ratio: 768 \/ 512\" sizes=\"(max-width: 768px) 100vw, 768px\" alt=\"\" title=\"ImageTchernobyl\" width=\"768\" height=\"512\"  \/><\/a>\t<\/div>\n<\/div>\n\n\n<div class=\"post-entry-content\">\n\n\t<h3 class=\"entry-title\">\n\t\t<a href=\"https:\/\/contactfm72.fr\/?p=22013\" title=\"Connais-tu l&#8217;histoire&#8230; de la catastrophe nucl\u00e9aire de Tchernobyl survenue il y a 40 ans ?\" rel=\"bookmark\">Connais-tu l&#8217;histoire&#8230; de la catastrophe nucl\u00e9aire de Tchernobyl survenue il y a 40 ans ?<\/a>\n\t<\/h3>\n\n\t\n\t<div class=\"entry-excerpt\"><p>\u00a0la catastrophe nucl\u00e9aire de Tchernobyl est arriv\u00e9e le 26 avril\u2026<\/p>\n<!-- AddThis Advanced Settings generic via filter on the_excerpt --><!-- AddThis Share Buttons generic via filter on the_excerpt --><\/div>\n\t\n<a href=\"https:\/\/contactfm72.fr\/?p=22013\" class=\"post-details details-type-link\" aria-label=\"Read more about Connais-tu l&#8217;histoire&#8230; de la catastrophe nucl\u00e9aire de Tchernobyl survenue il y a 40 ans ?\">Lire la suite<i class=\"dt-icon-the7-arrow-03\" aria-hidden=\"true\"><\/i><\/a>\n\n<\/div><\/article><\/div><div class=\"visible wf-cell\" data-post-id=\"22004\" data-date=\"2026-04-28T16:54:21+02:00\" data-name=\"Le circuit de la Thibaudi\u00e8re accueille le moto-cross annuel du motoclub de Vaas\"><article class=\"post project-odd visible post-22004 type-post status-publish format-standard has-post-thumbnail hentry category-contact-fm-72 category-linterview-du-jour category-1 category-5\" data-name=\"Le circuit de la Thibaudi\u00e8re accueille le moto-cross annuel du motoclub de Vaas\" data-date=\"2026-04-28T16:54:21+02:00\">\n\n<div class=\"post-thumbnail-wrap\">\n\t<div class=\"post-thumbnail\">\n\t\t\n\t\t\n\t\t<a href=\"https:\/\/contactfm72.fr\/?p=22004\" class=\"post-thumbnail-rollover layzr-bg layzr-bg\" ><img decoding=\"async\" class=\"iso-lazy-load preload-me iso-lazy-load aspect\" src=\"data:image\/svg+xml,%3Csvg%20xmlns%3D&#39;http%3A%2F%2Fwww.w3.org%2F2000%2Fsvg&#39;%20viewBox%3D&#39;0%200%20768%20512&#39;%2F%3E\" data-src=\"https:\/\/contactfm72.fr\/wp-content\/uploads\/2026\/04\/IMG_3058-768x512.jpg\" data-srcset=\"https:\/\/contactfm72.fr\/wp-content\/uploads\/2026\/04\/IMG_3058-768x512.jpg 768w, https:\/\/contactfm72.fr\/wp-content\/uploads\/2026\/04\/IMG_3058-1152x768.jpg 1152w\" loading=\"eager\" style=\"--ratio: 768 \/ 512\" sizes=\"(max-width: 768px) 100vw, 768px\" alt=\"\" title=\"IMG_3058\" width=\"768\" height=\"512\"  \/><\/a>\t<\/div>\n<\/div>\n\n\n<div class=\"post-entry-content\">\n\n\t<h3 class=\"entry-title\">\n\t\t<a href=\"https:\/\/contactfm72.fr\/?p=22004\" title=\"Le circuit de la Thibaudi\u00e8re accueille le moto-cross annuel du motoclub de Vaas\" rel=\"bookmark\">Le circuit de la Thibaudi\u00e8re accueille le moto-cross annuel du motoclub de Vaas<\/a>\n\t<\/h3>\n\n\t\n\t<div class=\"entry-excerpt\"><p>Pr\u00e9parez-vous \u00e0 vibrer au rythme des moteurs sur le circuit\u2026<\/p>\n<!-- AddThis Advanced Settings generic via filter on the_excerpt --><!-- AddThis Share Buttons generic via filter on the_excerpt --><\/div>\n\t\n<a href=\"https:\/\/contactfm72.fr\/?p=22004\" class=\"post-details details-type-link\" aria-label=\"Read more about Le circuit de la Thibaudi\u00e8re accueille le moto-cross annuel du motoclub de Vaas\">Lire la suite<i class=\"dt-icon-the7-arrow-03\" aria-hidden=\"true\"><\/i><\/a>\n\n<\/div><\/article><\/div><div class=\"visible wf-cell\" data-post-id=\"21991\" data-date=\"2026-04-27T16:55:10+02:00\" data-name=\"Une nouvelle exposition en immersion ludique et interactive sur l&#039;arbre est \u00e0 voir \u00e0 Carnuta\"><article class=\"post project-odd visible post-21991 type-post status-publish format-standard has-post-thumbnail hentry category-contact-fm-72 category-linterview-du-jour category-1 category-5\" data-name=\"Une nouvelle exposition en immersion ludique et interactive sur l&#8217;arbre est \u00e0 voir \u00e0 Carnuta\" data-date=\"2026-04-27T16:55:10+02:00\">\n\n<div class=\"post-thumbnail-wrap\">\n\t<div class=\"post-thumbnail\">\n\t\t\n\t\t\n\t\t<a href=\"https:\/\/contactfm72.fr\/?p=21991\" class=\"post-thumbnail-rollover layzr-bg layzr-bg\" ><img decoding=\"async\" class=\"iso-lazy-load preload-me iso-lazy-load aspect\" src=\"data:image\/svg+xml,%3Csvg%20xmlns%3D&#39;http%3A%2F%2Fwww.w3.org%2F2000%2Fsvg&#39;%20viewBox%3D&#39;0%200%20768%20512&#39;%2F%3E\" data-src=\"https:\/\/contactfm72.fr\/wp-content\/uploads\/2026\/04\/IMG_2720-768x512.jpg\" data-srcset=\"https:\/\/contactfm72.fr\/wp-content\/uploads\/2026\/04\/IMG_2720-768x512.jpg 768w, https:\/\/contactfm72.fr\/wp-content\/uploads\/2026\/04\/IMG_2720-1152x768.jpg 1152w\" loading=\"eager\" style=\"--ratio: 768 \/ 512\" sizes=\"(max-width: 768px) 100vw, 768px\" alt=\"\" title=\"IMG_2720\" width=\"768\" height=\"512\"  \/><\/a>\t<\/div>\n<\/div>\n\n\n<div class=\"post-entry-content\">\n\n\t<h3 class=\"entry-title\">\n\t\t<a href=\"https:\/\/contactfm72.fr\/?p=21991\" title=\"Une nouvelle exposition en immersion ludique et interactive sur l&#8217;arbre est \u00e0 voir \u00e0 Carnuta\" rel=\"bookmark\">Une nouvelle exposition en immersion ludique et interactive sur l&#8217;arbre est \u00e0 voir \u00e0 Carnuta<\/a>\n\t<\/h3>\n\n\t\n\t<div class=\"entry-excerpt\"><p>Carnuta accueille l&#8217;exposition temporaire &#8220;L&#8217;arbre, de la petite graine \u00e0\u2026<\/p>\n<!-- AddThis Advanced Settings generic via filter on the_excerpt --><!-- AddThis Share Buttons generic via filter on the_excerpt --><\/div>\n\t\n<a href=\"https:\/\/contactfm72.fr\/?p=21991\" class=\"post-details details-type-link\" aria-label=\"Read more about Une nouvelle exposition en immersion ludique et interactive sur l&#8217;arbre est \u00e0 voir \u00e0 Carnuta\">Lire la suite<i class=\"dt-icon-the7-arrow-03\" aria-hidden=\"true\"><\/i><\/a>\n\n<\/div><\/article><\/div><div class=\"visible wf-cell\" data-post-id=\"21979\" data-date=\"2026-04-24T15:27:13+02:00\" data-name=\"Vincent Gruau, nouveau pr\u00e9sident de la communaut\u00e9 de communes Loir Luc\u00e9 Berc\u00e9\"><article class=\"post project-odd visible post-21979 type-post status-publish format-standard has-post-thumbnail hentry category-contact-fm-72 category-territoire category-1 category-16\" data-name=\"Vincent Gruau, nouveau pr\u00e9sident de la communaut\u00e9 de communes Loir Luc\u00e9 Berc\u00e9\" data-date=\"2026-04-24T15:27:13+02:00\">\n\n<div class=\"post-thumbnail-wrap\">\n\t<div class=\"post-thumbnail\">\n\t\t\n\t\t\n\t\t<a href=\"https:\/\/contactfm72.fr\/?p=21979\" class=\"post-thumbnail-rollover layzr-bg layzr-bg\" ><img decoding=\"async\" class=\"iso-lazy-load preload-me iso-lazy-load aspect\" src=\"data:image\/svg+xml,%3Csvg%20xmlns%3D&#39;http%3A%2F%2Fwww.w3.org%2F2000%2Fsvg&#39;%20viewBox%3D&#39;0%200%20768%20512&#39;%2F%3E\" data-src=\"https:\/\/contactfm72.fr\/wp-content\/uploads\/2026\/04\/IMG_3011-768x512.jpg\" data-srcset=\"https:\/\/contactfm72.fr\/wp-content\/uploads\/2026\/04\/IMG_3011-768x512.jpg 768w, https:\/\/contactfm72.fr\/wp-content\/uploads\/2026\/04\/IMG_3011-1152x768.jpg 1152w\" loading=\"eager\" style=\"--ratio: 768 \/ 512\" sizes=\"(max-width: 768px) 100vw, 768px\" alt=\"\" title=\"IMG_3011\" width=\"768\" height=\"512\"  \/><\/a>\t<\/div>\n<\/div>\n\n\n<div class=\"post-entry-content\">\n\n\t<h3 class=\"entry-title\">\n\t\t<a href=\"https:\/\/contactfm72.fr\/?p=21979\" title=\"Vincent Gruau, nouveau pr\u00e9sident de la communaut\u00e9 de communes Loir Luc\u00e9 Berc\u00e9\" rel=\"bookmark\">Vincent Gruau, nouveau pr\u00e9sident de la communaut\u00e9 de communes Loir Luc\u00e9 Berc\u00e9<\/a>\n\t<\/h3>\n\n\t\n\t<div class=\"entry-excerpt\"><p>Le 9 avril a eu lieu le conseil communautaire d&#8217;installation\u2026<\/p>\n<!-- AddThis Advanced Settings generic via filter on the_excerpt --><!-- AddThis Share Buttons generic via filter on the_excerpt --><\/div>\n\t\n<a href=\"https:\/\/contactfm72.fr\/?p=21979\" class=\"post-details details-type-link\" aria-label=\"Read more about Vincent Gruau, nouveau pr\u00e9sident de la communaut\u00e9 de communes Loir Luc\u00e9 Berc\u00e9\">Lire la suite<i class=\"dt-icon-the7-arrow-03\" aria-hidden=\"true\"><\/i><\/a>\n\n<\/div><\/article><\/div><div class=\"visible wf-cell\" data-post-id=\"21975\" data-date=\"2026-04-24T10:46:02+02:00\" data-name=\"Et si vous visitiez le centre de tri o\u00f9 vont vos d\u00e9chets de la poubelle jaune ?\"><article class=\"post project-odd visible post-21975 type-post status-publish format-standard has-post-thumbnail hentry category-allo-ici-la-terre category-contact-fm-72 category-13 category-1\" data-name=\"Et si vous visitiez le centre de tri o\u00f9 vont vos d\u00e9chets de la poubelle jaune ?\" data-date=\"2026-04-24T10:46:02+02:00\">\n\n<div class=\"post-thumbnail-wrap\">\n\t<div class=\"post-thumbnail\">\n\t\t\n\t\t\n\t\t<a href=\"https:\/\/contactfm72.fr\/?p=21975\" class=\"post-thumbnail-rollover layzr-bg layzr-bg\" ><img decoding=\"async\" class=\"iso-lazy-load preload-me iso-lazy-load aspect\" src=\"data:image\/svg+xml,%3Csvg%20xmlns%3D&#39;http%3A%2F%2Fwww.w3.org%2F2000%2Fsvg&#39;%20viewBox%3D&#39;0%200%20768%20512&#39;%2F%3E\" data-src=\"https:\/\/contactfm72.fr\/wp-content\/uploads\/2026\/04\/671877423_10235383502182171_4125315244453328187_n-768x512.jpg\" data-srcset=\"https:\/\/contactfm72.fr\/wp-content\/uploads\/2026\/04\/671877423_10235383502182171_4125315244453328187_n-768x512.jpg 768w, https:\/\/contactfm72.fr\/wp-content\/uploads\/2026\/04\/671877423_10235383502182171_4125315244453328187_n-1152x768.jpg 1152w\" loading=\"eager\" style=\"--ratio: 768 \/ 512\" sizes=\"(max-width: 768px) 100vw, 768px\" alt=\"\" title=\"671877423_10235383502182171_4125315244453328187_n\" width=\"768\" height=\"512\"  \/><\/a>\t<\/div>\n<\/div>\n\n\n<div class=\"post-entry-content\">\n\n\t<h3 class=\"entry-title\">\n\t\t<a href=\"https:\/\/contactfm72.fr\/?p=21975\" title=\"Et si vous visitiez le centre de tri o\u00f9 vont vos d\u00e9chets de la poubelle jaune ?\" rel=\"bookmark\">Et si vous visitiez le centre de tri o\u00f9 vont vos d\u00e9chets de la poubelle jaune ?<\/a>\n\t<\/h3>\n\n\t\n\t<div class=\"entry-excerpt\"><p>A Par\u00e7ay-Meslay (37), le centre de tri interd\u00e9partemental Tri Val\u2026<\/p>\n<!-- AddThis Advanced Settings generic via filter on the_excerpt --><!-- AddThis Share Buttons generic via filter on the_excerpt --><\/div>\n\t\n<a href=\"https:\/\/contactfm72.fr\/?p=21975\" class=\"post-details details-type-link\" aria-label=\"Read more about Et si vous visitiez le centre de tri o\u00f9 vont vos d\u00e9chets de la poubelle jaune ?\">Lire la suite<i class=\"dt-icon-the7-arrow-03\" aria-hidden=\"true\"><\/i><\/a>\n\n<\/div><\/article><\/div><div class=\"visible wf-cell\" data-post-id=\"21969\" data-date=\"2026-04-24T06:30:44+02:00\" data-name=\"Qui veut adopter Sanson, pensionnaire du refuge SPA d\u2019Yvr\u00e9 l\u2019Ev\u00eaque ?\"><article class=\"post project-odd visible post-21969 type-post status-publish format-standard has-post-thumbnail hentry category-contact-fm-72 category-nouvelle-chance category-1 category-78\" data-name=\"Qui veut adopter Sanson, pensionnaire du refuge SPA d\u2019Yvr\u00e9 l\u2019Ev\u00eaque ?\" data-date=\"2026-04-24T06:30:44+02:00\">\n\n<div class=\"post-thumbnail-wrap\">\n\t<div class=\"post-thumbnail\">\n\t\t\n\t\t\n\t\t<a href=\"https:\/\/contactfm72.fr\/?p=21969\" class=\"post-thumbnail-rollover layzr-bg layzr-bg\" ><img decoding=\"async\" class=\"iso-lazy-load preload-me iso-lazy-load aspect\" src=\"data:image\/svg+xml,%3Csvg%20xmlns%3D&#39;http%3A%2F%2Fwww.w3.org%2F2000%2Fsvg&#39;%20viewBox%3D&#39;0%200%20768%20512&#39;%2F%3E\" data-src=\"https:\/\/contactfm72.fr\/wp-content\/uploads\/2026\/04\/0e187b73-ef80-4361-8d17-2fda416a1473-768x512.jpg\" data-srcset=\"https:\/\/contactfm72.fr\/wp-content\/uploads\/2026\/04\/0e187b73-ef80-4361-8d17-2fda416a1473-768x512.jpg 768w, https:\/\/contactfm72.fr\/wp-content\/uploads\/2026\/04\/0e187b73-ef80-4361-8d17-2fda416a1473-1152x768.jpg 1152w\" loading=\"eager\" style=\"--ratio: 768 \/ 512\" sizes=\"(max-width: 768px) 100vw, 768px\" alt=\"\" title=\"0e187b73-ef80-4361-8d17-2fda416a1473\" width=\"768\" height=\"512\"  \/><\/a>\t<\/div>\n<\/div>\n\n\n<div class=\"post-entry-content\">\n\n\t<h3 class=\"entry-title\">\n\t\t<a href=\"https:\/\/contactfm72.fr\/?p=21969\" title=\"Qui veut adopter Sanson, pensionnaire du refuge SPA d\u2019Yvr\u00e9 l\u2019Ev\u00eaque ?\" rel=\"bookmark\">Qui veut adopter Sanson, pensionnaire du refuge SPA d\u2019Yvr\u00e9 l\u2019Ev\u00eaque ?<\/a>\n\t<\/h3>\n\n\t\n\t<div class=\"entry-excerpt\"><p>Cette semaine est mis \u00e0 l&#8217;honneur le beau SANSON, un\u2026<\/p>\n<!-- AddThis Advanced Settings generic via filter on the_excerpt --><!-- AddThis Share Buttons generic via filter on the_excerpt --><\/div>\n\t\n<a href=\"https:\/\/contactfm72.fr\/?p=21969\" class=\"post-details details-type-link\" aria-label=\"Read more about Qui veut adopter Sanson, pensionnaire du refuge SPA d\u2019Yvr\u00e9 l\u2019Ev\u00eaque ?\">Lire la suite<i class=\"dt-icon-the7-arrow-03\" aria-hidden=\"true\"><\/i><\/a>\n\n<\/div><\/article><\/div><div class=\"visible wf-cell\" data-post-id=\"21939\" data-date=\"2026-04-23T10:00:37+02:00\" data-name=\"Une invitation au voyage et le jeu &quot;Trio&quot;, les coups de coeur de Fr\u00e9d\u00e9ric Gaboyer\"><article class=\"post project-odd visible post-21939 type-post status-publish format-standard has-post-thumbnail hentry category-contact-fm-72 category-des-livres-et-vous category-1 category-20\" data-name=\"Une invitation au voyage et le jeu &#8220;Trio&#8221;, les coups de coeur de Fr\u00e9d\u00e9ric Gaboyer\" data-date=\"2026-04-23T10:00:37+02:00\">\n\n<div class=\"post-thumbnail-wrap\">\n\t<div class=\"post-thumbnail\">\n\t\t\n\t\t\n\t\t<a href=\"https:\/\/contactfm72.fr\/?p=21939\" class=\"post-thumbnail-rollover layzr-bg layzr-bg\" ><img decoding=\"async\" class=\"iso-lazy-load preload-me iso-lazy-load aspect\" src=\"data:image\/svg+xml,%3Csvg%20xmlns%3D&#39;http%3A%2F%2Fwww.w3.org%2F2000%2Fsvg&#39;%20viewBox%3D&#39;0%200%20768%20512&#39;%2F%3E\" data-src=\"https:\/\/contactfm72.fr\/wp-content\/uploads\/2026\/04\/DLEV-Mayet-F.-Gaboyer-scaled-768x512.jpg\" data-srcset=\"https:\/\/contactfm72.fr\/wp-content\/uploads\/2026\/04\/DLEV-Mayet-F.-Gaboyer-scaled-768x512.jpg 768w, https:\/\/contactfm72.fr\/wp-content\/uploads\/2026\/04\/DLEV-Mayet-F.-Gaboyer-scaled-1152x768.jpg 1152w\" loading=\"eager\" style=\"--ratio: 768 \/ 512\" sizes=\"(max-width: 768px) 100vw, 768px\" alt=\"\" title=\"DLEV Mayet F. Gaboyer\" width=\"768\" height=\"512\"  \/><\/a>\t<\/div>\n<\/div>\n\n\n<div class=\"post-entry-content\">\n\n\t<h3 class=\"entry-title\">\n\t\t<a href=\"https:\/\/contactfm72.fr\/?p=21939\" title=\"Une invitation au voyage et le jeu &#8220;Trio&#8221;, les coups de coeur de Fr\u00e9d\u00e9ric Gaboyer\" rel=\"bookmark\">Une invitation au voyage et le jeu &#8220;Trio&#8221;, les coups de coeur de Fr\u00e9d\u00e9ric Gaboyer<\/a>\n\t<\/h3>\n\n\t\n\t<div class=\"entry-excerpt\"><p>C\u2019est le rendez-vous que vous attendez tous. Comme chaque mois,\u2026<\/p>\n<!-- AddThis Advanced Settings generic via filter on the_excerpt --><!-- AddThis Share Buttons generic via filter on the_excerpt --><\/div>\n\t\n<a href=\"https:\/\/contactfm72.fr\/?p=21939\" class=\"post-details details-type-link\" aria-label=\"Read more about Une invitation au voyage et le jeu &#8220;Trio&#8221;, les coups de coeur de Fr\u00e9d\u00e9ric Gaboyer\">Lire la suite<i class=\"dt-icon-the7-arrow-03\" aria-hidden=\"true\"><\/i><\/a>\n\n<\/div><\/article><\/div><div class=\"visible wf-cell\" data-post-id=\"21961\" data-date=\"2026-04-22T16:16:10+02:00\" data-name=\"L&#039;\u00e9glise Saint-Guingalois accueille &quot;Au c\u0153ur de l&#039;ordinaire&quot; de la cie Ensemble Poursuite\"><article class=\"post project-odd visible post-21961 type-post status-publish format-standard has-post-thumbnail hentry category-contact-fm-72 category-en-coulisses category-1 category-35\" data-name=\"L&#8217;\u00e9glise Saint-Guingalois accueille &#8220;Au c\u0153ur de l&#8217;ordinaire&#8221; de la cie Ensemble Poursuite\" data-date=\"2026-04-22T16:16:10+02:00\">\n\n<div class=\"post-thumbnail-wrap\">\n\t<div class=\"post-thumbnail\">\n\t\t\n\t\t\n\t\t<a href=\"https:\/\/contactfm72.fr\/?p=21961\" class=\"post-thumbnail-rollover layzr-bg layzr-bg\" ><img decoding=\"async\" class=\"iso-lazy-load preload-me iso-lazy-load aspect\" src=\"data:image\/svg+xml,%3Csvg%20xmlns%3D&#39;http%3A%2F%2Fwww.w3.org%2F2000%2Fsvg&#39;%20viewBox%3D&#39;0%200%20768%20512&#39;%2F%3E\" data-src=\"https:\/\/contactfm72.fr\/wp-content\/uploads\/2026\/04\/IMG_2987-768x512.jpg\" data-srcset=\"https:\/\/contactfm72.fr\/wp-content\/uploads\/2026\/04\/IMG_2987-768x512.jpg 768w, https:\/\/contactfm72.fr\/wp-content\/uploads\/2026\/04\/IMG_2987-1152x768.jpg 1152w\" loading=\"eager\" style=\"--ratio: 768 \/ 512\" sizes=\"(max-width: 768px) 100vw, 768px\" alt=\"\" title=\"IMG_2987\" width=\"768\" height=\"512\"  \/><\/a>\t<\/div>\n<\/div>\n\n\n<div class=\"post-entry-content\">\n\n\t<h3 class=\"entry-title\">\n\t\t<a href=\"https:\/\/contactfm72.fr\/?p=21961\" title=\"L&#8217;\u00e9glise Saint-Guingalois accueille &#8220;Au c\u0153ur de l&#8217;ordinaire&#8221; de la cie Ensemble Poursuite\" rel=\"bookmark\">L&#8217;\u00e9glise Saint-Guingalois accueille &#8220;Au c\u0153ur de l&#8217;ordinaire&#8221; de la cie Ensemble Poursuite<\/a>\n\t<\/h3>\n\n\t\n\t<div class=\"entry-excerpt\"><p>Le service culturel de Montval-sur-Loir referme la programmation culturelle en\u2026<\/p>\n<!-- AddThis Advanced Settings generic via filter on the_excerpt --><!-- AddThis Share Buttons generic via filter on the_excerpt --><\/div>\n\t\n<a href=\"https:\/\/contactfm72.fr\/?p=21961\" class=\"post-details details-type-link\" aria-label=\"Read more about L&#8217;\u00e9glise Saint-Guingalois accueille &#8220;Au c\u0153ur de l&#8217;ordinaire&#8221; de la cie Ensemble Poursuite\">Lire la suite<i class=\"dt-icon-the7-arrow-03\" aria-hidden=\"true\"><\/i><\/a>\n\n<\/div><\/article><\/div><\/div><!-- iso-container|iso-grid --><\/div>[\/vc_column][\/vc_row][vc_row type=&#8221;vc_default&#8221; full_width=&#8221;stretch_row&#8221;][vc_column css=&#8221;.vc_custom_1555662483675{background-color: #ffffff !important;}&#8221;][vc_empty_space height=&#8221;50px&#8221; css=&#8221;.vc_custom_1555662335858{background-color: #ffffff !important;}&#8221;]<div class=\"dt-fancy-separator h2-size title-color\" style=\"width: 100%;\"><div class=\"dt-fancy-title\"><span class=\"separator-holder separator-left\"><\/span>NOS PARTENAIRES<span class=\"separator-holder separator-right\"><\/span><\/div><\/div><style type=\"text\/css\" data-type=\"the7_shortcodes-inline-css\">.photos-carousel-shortcode-id-9f2bf17e7980e8330376bd59f8cfa6d3.owl-carousel .owl-nav div {\n  width: 36px;\n  height: 36px;\n  border-radius: 500px;\n}\n.photos-carousel-shortcode-id-9f2bf17e7980e8330376bd59f8cfa6d3.owl-carousel .owl-nav div:before,\n.photos-carousel-shortcode-id-9f2bf17e7980e8330376bd59f8cfa6d3.owl-carousel .owl-nav div:after {\n  border-width: 0px;\n}\n.photos-carousel-shortcode-id-9f2bf17e7980e8330376bd59f8cfa6d3.owl-carousel .owl-nav div.owl-prev {\n  top: 50%;\n  transform: translateY(calc(-50% + 0px));\n  left: -43px;\n}\n@media all and (-ms-high-contrast: none) {\n  .photos-carousel-shortcode-id-9f2bf17e7980e8330376bd59f8cfa6d3.owl-carousel .owl-nav div.owl-prev {\n    transform: translateY(-50%);\n    margin-top: 0px;\n  }\n}\n.photos-carousel-shortcode-id-9f2bf17e7980e8330376bd59f8cfa6d3.owl-carousel .owl-nav div.owl-prev i {\n  padding: 0px 0px 0px 0px;\n}\n.photos-carousel-shortcode-id-9f2bf17e7980e8330376bd59f8cfa6d3.owl-carousel .owl-nav div.owl-next {\n  top: 50%;\n  transform: translateY(calc(-50% + 0px));\n  right: -43px;\n}\n@media all and (-ms-high-contrast: none) {\n  .photos-carousel-shortcode-id-9f2bf17e7980e8330376bd59f8cfa6d3.owl-carousel .owl-nav div.owl-next {\n    transform: translateY(-50%);\n    margin-top: 0px;\n  }\n}\n.photos-carousel-shortcode-id-9f2bf17e7980e8330376bd59f8cfa6d3.owl-carousel .owl-nav div.owl-next i {\n  padding: 0px 0px 0px 0px;\n}\n.photos-carousel-shortcode-id-9f2bf17e7980e8330376bd59f8cfa6d3.owl-carousel .owl-nav i {\n  font-size: 18px;\n}\n.photos-carousel-shortcode-id-9f2bf17e7980e8330376bd59f8cfa6d3.owl-carousel .owl-nav div:not(:hover) i,\n.photos-carousel-shortcode-id-9f2bf17e7980e8330376bd59f8cfa6d3.owl-carousel .owl-nav div:not(:hover) i:before {\n  color: #ffffff;\n  background: none;\n}\n.photos-carousel-shortcode-id-9f2bf17e7980e8330376bd59f8cfa6d3.owl-carousel .owl-nav div:hover i,\n.photos-carousel-shortcode-id-9f2bf17e7980e8330376bd59f8cfa6d3.owl-carousel .owl-nav div:hover i:before {\n  color: rgba(255,255,255,0.75);\n  background: none;\n}\n.photos-carousel-shortcode-id-9f2bf17e7980e8330376bd59f8cfa6d3 .owl-dots {\n  top: calc(100% + 20px);\n  left: 50%;\n  transform: translateX(calc(-50% + 0px));\n}\n@media all and (-ms-high-contrast: none) {\n  .photos-carousel-shortcode-id-9f2bf17e7980e8330376bd59f8cfa6d3 .owl-dots {\n    transform: translateX(-50%);\n    margin-left: 0px;\n  }\n}\n.photos-carousel-shortcode-id-9f2bf17e7980e8330376bd59f8cfa6d3 .owl-dot {\n  width: 10px;\n  height: 10px;\n  margin: 0 8px;\n}\n@media screen and (max-width: 778px) {\n  .photos-carousel-shortcode-id-9f2bf17e7980e8330376bd59f8cfa6d3.hide-arrows.owl-carousel .owl-nav a {\n    display: none;\n  }\n}\n@media screen and (max-width: 778px) {\n  .photos-carousel-shortcode-id-9f2bf17e7980e8330376bd59f8cfa6d3.reposition-arrows.owl-carousel .owl-nav .owl-prev {\n    top: 50%;\n    transform: translateY(calc(-50% + 0px));\n    left: 10px;\n  }\n  .photos-carousel-shortcode-id-9f2bf17e7980e8330376bd59f8cfa6d3.reposition-arrows.owl-carousel .owl-nav .owl-next {\n    top: 50%;\n    transform: translateY(calc(-50% + 0px));\n    right: 10px;\n  }\n}\n@media screen and (max-width: 778px) and all and (-ms-high-contrast: none) {\n  .photos-carousel-shortcode-id-9f2bf17e7980e8330376bd59f8cfa6d3.reposition-arrows.owl-carousel .owl-nav .owl-prev {\n    transform: translateY(-50%);\n    margin-top: 0px;\n  }\n}\n@media screen and (max-width: 778px) and all and (-ms-high-contrast: none) {\n  .photos-carousel-shortcode-id-9f2bf17e7980e8330376bd59f8cfa6d3.reposition-arrows.owl-carousel .owl-nav .owl-next {\n    transform: translateY(-50%);\n    margin-top: 0px;\n  }\n}\n.photos-carousel-shortcode-id-9f2bf17e7980e8330376bd59f8cfa6d3 figure,\n.photos-carousel-shortcode-id-9f2bf17e7980e8330376bd59f8cfa6d3 .rollover,\n.photos-carousel-shortcode-id-9f2bf17e7980e8330376bd59f8cfa6d3 img,\n.photos-carousel-shortcode-id-9f2bf17e7980e8330376bd59f8cfa6d3 .gallery-rollover {\n  border-radius: 0px;\n}\n.photos-carousel-shortcode-id-9f2bf17e7980e8330376bd59f8cfa6d3.enable-bg-rollover .gallery-rollover {\n  background: -webkit-linear-gradient();\n  background: linear-gradient();\n}\n.photos-carousel-shortcode-id-9f2bf17e7980e8330376bd59f8cfa6d3.enable-bg-rollover.hover-scale .rollover:after {\n  background: -webkit-linear-gradient();\n  background: linear-gradient();\n}\n.photos-carousel-shortcode-id-9f2bf17e7980e8330376bd59f8cfa6d3.enable-img-shadow .owl-stage-outer {\n  padding: 6px 0;\n}\n.photos-carousel-shortcode-id-9f2bf17e7980e8330376bd59f8cfa6d3.gallery-shortcode .gallery-zoom-ico {\n  width: 44px;\n  height: 44px;\n  line-height: 44px;\n  border-radius: 100px;\n  margin: -22px 0 0 -22px;\n  border-width: 0px;\n}\n.dt-icon-bg-on.photos-carousel-shortcode-id-9f2bf17e7980e8330376bd59f8cfa6d3.gallery-shortcode .gallery-zoom-ico {\n  background: rgba(255,255,255,0.3);\n  -webkit-box-shadow: none;\n  box-shadow: none;\n}\n.photos-carousel-shortcode-id-9f2bf17e7980e8330376bd59f8cfa6d3.gallery-shortcode .gallery-zoom-ico:before,\n.photos-carousel-shortcode-id-9f2bf17e7980e8330376bd59f8cfa6d3.gallery-shortcode .gallery-zoom-ico span {\n  font-size: 32px;\n  line-height: 44px;\n  color: #ffffff;\n  background: none;\n}<\/style><div class=\"owl-carousel gallery-carousel-shortcode gallery-shortcode dt-gallery-container album-gallery-shortcode dt-owl-carousel-call photos-carousel-shortcode-id-9f2bf17e7980e8330376bd59f8cfa6d3 quick-scale-img enable-bg-rollover meta-info-off bullets-small-dot-stroke reposition-arrows dt-icon-bg-off arrows-bg-on dt-arrow-border-on dt-arrow-hover-border-on disable-arrows-hover-bg arrows-hover-bg-on  vc_custom_1567779769890 hover-fade \" data-scroll-mode=\"1\" data-col-num=\"6\" data-wide-col-num=\"6\" data-laptop-col=\"5\" data-h-tablet-columns-num=\"4\" data-v-tablet-columns-num=\"3\" data-phone-columns-num=\"1\" data-col-gap=\"2\" data-stage-padding=\"0\" data-speed=\"300\" data-autoplay=\"true\" data-autoplay_speed=\"2000\" data-arrows=\"false\" data-bullet=\"false\" data-next-icon=\"icon-ar-017-r\" data-prev-icon=\"icon-ar-017-l\" data-img-shadow-size=\"12px\" data-img-shadow-spread=\"3px\"><article class=\"post visible post-865 attachment type-attachment status-inherit hentry\"><a href=\"https:\/\/contactfm72.fr\/wp-content\/uploads\/2019\/09\/Logo-St-Christ.Nais2_.jpg\" class=\"rollover-click-target rollover dt-pswp-item layzr-bg\" title=\"Saint-Christophe-sur-le-Nais\" data-dt-img-description=\"\"  data-large_image_width=\"600\" data-large_image_height = \"600\" ><img decoding=\"async\" class=\"preload-me owl-lazy-load aspect\" src=\"data:image\/svg+xml,%3Csvg%20xmlns%3D&#39;http%3A%2F%2Fwww.w3.org%2F2000%2Fsvg&#39;%20viewBox%3D&#39;0%200%20600%20600&#39;%2F%3E\" data-src=\"https:\/\/contactfm72.fr\/wp-content\/uploads\/2019\/09\/Logo-St-Christ.Nais2_.jpg\" data-srcset=\"https:\/\/contactfm72.fr\/wp-content\/uploads\/2019\/09\/Logo-St-Christ.Nais2_.jpg 600w\" loading=\"eager\" style=\"--ratio: 600 \/ 600\" sizes=\"(max-width: 600px) 100vw, 600px\" alt=\"Saint-Christophe-sur-le-Nais\" width=\"600\" height=\"600\"  \/><span class=\"gallery-rollover\"><span class=\"gallery-zoom-ico icomoon-the7-font-the7-zoom-06\"><span><\/span><\/span><\/span><\/a><\/article><article class=\"post visible post-2206 attachment type-attachment status-inherit hentry\"><a href=\"http:\/\/www.neuvyleroi.fr\/\" class=\"rollover-click-target rollover layzr-bg\" title=\"Neuvy-le-roi\" data-dt-img-description=\"\"  data-large_image_width=\"300\" data-large_image_height = \"300\"  target=\"_blank\"><img decoding=\"async\" class=\"preload-me owl-lazy-load aspect\" src=\"data:image\/svg+xml,%3Csvg%20xmlns%3D&#39;http%3A%2F%2Fwww.w3.org%2F2000%2Fsvg&#39;%20viewBox%3D&#39;0%200%20300%20300&#39;%2F%3E\" data-src=\"https:\/\/contactfm72.fr\/wp-content\/uploads\/2018\/11\/Neuvy-le-roi-2.jpg\" data-srcset=\"https:\/\/contactfm72.fr\/wp-content\/uploads\/2018\/11\/Neuvy-le-roi-2.jpg 300w\" loading=\"eager\" style=\"--ratio: 300 \/ 300\" sizes=\"(max-width: 300px) 100vw, 300px\" alt=\"\" width=\"300\" height=\"300\"  \/><span class=\"gallery-rollover\"><span class=\"gallery-zoom-ico icomoon-the7-font-the7-zoom-06\"><span><\/span><\/span><\/span><\/a><\/article><article class=\"post visible post-90 attachment type-attachment status-inherit hentry\"><a href=\"https:\/\/www.centresocialchateauduloir.fr\/\" class=\"rollover-click-target rollover layzr-bg\" title=\"Centre social intercommunal Loir &#038; Berc\u00e9\" data-dt-img-description=\"Centre social intercommunal Loir &amp; Berc\u00e9\"  data-large_image_width=\"150\" data-large_image_height = \"141\"  target=\"_blank\"><img decoding=\"async\" class=\"preload-me owl-lazy-load aspect\" src=\"data:image\/svg+xml,%3Csvg%20xmlns%3D&#39;http%3A%2F%2Fwww.w3.org%2F2000%2Fsvg&#39;%20viewBox%3D&#39;0%200%20150%20141&#39;%2F%3E\" data-src=\"https:\/\/contactfm72.fr\/wp-content\/uploads\/2018\/11\/Logo_CSILB-1.jpg\" data-srcset=\"https:\/\/contactfm72.fr\/wp-content\/uploads\/2018\/11\/Logo_CSILB-1.jpg 150w\" loading=\"eager\" style=\"--ratio: 150 \/ 141\" sizes=\"(max-width: 150px) 100vw, 150px\" alt=\"Centre social intercommunal Loir &amp; Berc\u00e9\" width=\"150\" height=\"141\"  \/><span class=\"gallery-rollover\"><span class=\"gallery-zoom-ico icomoon-the7-font-the7-zoom-06\"><span><\/span><\/span><\/span><\/a><\/article><article class=\"post visible post-80 attachment type-attachment status-inherit hentry\"><a href=\"http:\/\/www.atre72.org\/\" class=\"rollover-click-target rollover layzr-bg\" title=\"ATRE Services\" data-dt-img-description=\"ATRE Services\"  data-large_image_width=\"150\" data-large_image_height = \"31\"  target=\"_blank\"><img decoding=\"async\" class=\"preload-me owl-lazy-load aspect\" src=\"data:image\/svg+xml,%3Csvg%20xmlns%3D&#39;http%3A%2F%2Fwww.w3.org%2F2000%2Fsvg&#39;%20viewBox%3D&#39;0%200%20150%2031&#39;%2F%3E\" data-src=\"https:\/\/contactfm72.fr\/wp-content\/uploads\/2018\/11\/logo-A-services-1.jpg\" data-srcset=\"https:\/\/contactfm72.fr\/wp-content\/uploads\/2018\/11\/logo-A-services-1.jpg 150w\" loading=\"eager\" style=\"--ratio: 150 \/ 31\" sizes=\"(max-width: 150px) 100vw, 150px\" alt=\"ATRE Services\" width=\"150\" height=\"31\"  \/><span class=\"gallery-rollover\"><span class=\"gallery-zoom-ico icomoon-the7-font-the7-zoom-06\"><span><\/span><\/span><\/span><\/a><\/article><article class=\"post visible post-81 attachment type-attachment status-inherit hentry\"><a href=\"http:\/\/www.atre72.org\/\" class=\"rollover-click-target rollover layzr-bg\" title=\"ATRE Chantiers\" data-dt-img-description=\"ATRE Chantiers\"  data-large_image_width=\"150\" data-large_image_height = \"50\"  target=\"_blank\"><img decoding=\"async\" class=\"preload-me owl-lazy-load aspect\" src=\"data:image\/svg+xml,%3Csvg%20xmlns%3D&#39;http%3A%2F%2Fwww.w3.org%2F2000%2Fsvg&#39;%20viewBox%3D&#39;0%200%20150%2050&#39;%2F%3E\" data-src=\"https:\/\/contactfm72.fr\/wp-content\/uploads\/2018\/11\/logo-AChantier-1.jpg\" data-srcset=\"https:\/\/contactfm72.fr\/wp-content\/uploads\/2018\/11\/logo-AChantier-1.jpg 150w\" loading=\"eager\" style=\"--ratio: 150 \/ 50\" sizes=\"(max-width: 150px) 100vw, 150px\" alt=\"ATRE Chantiers\" width=\"150\" height=\"50\"  \/><span class=\"gallery-rollover\"><span class=\"gallery-zoom-ico icomoon-the7-font-the7-zoom-06\"><span><\/span><\/span><\/span><\/a><\/article><article class=\"post visible post-19306 attachment type-attachment status-inherit hentry\"><a href=\"http:\/\/www.paysdelaloire.fr\/\" class=\"rollover-click-target rollover layzr-bg\" title=\"Logo r\u00e9gion Pays de la Loire\" data-dt-img-description=\"\"  data-large_image_width=\"379\" data-large_image_height = \"181\"  target=\"_blank\"><img decoding=\"async\" class=\"preload-me owl-lazy-load aspect\" src=\"data:image\/svg+xml,%3Csvg%20xmlns%3D&#39;http%3A%2F%2Fwww.w3.org%2F2000%2Fsvg&#39;%20viewBox%3D&#39;0%200%20379%20181&#39;%2F%3E\" data-src=\"https:\/\/contactfm72.fr\/wp-content\/uploads\/2018\/11\/LOGO_Re\u0301gion.png\" data-srcset=\"https:\/\/contactfm72.fr\/wp-content\/uploads\/2018\/11\/LOGO_Re\u0301gion.png 379w\" loading=\"eager\" style=\"--ratio: 379 \/ 181\" sizes=\"(max-width: 379px) 100vw, 379px\" alt=\"Logo r\u00e9gion Pays de la Loire\" width=\"379\" height=\"181\"  \/><span class=\"gallery-rollover\"><span class=\"gallery-zoom-ico icomoon-the7-font-the7-zoom-06\"><span><\/span><\/span><\/span><\/a><\/article><article class=\"post visible post-19308 attachment type-attachment status-inherit hentry\"><a href=\"https:\/\/contactfm72.fr\/wp-content\/uploads\/2018\/11\/Capture-de\u0301cran-2025-04-27-a\u0300-15.16.25.png\" class=\"rollover-click-target rollover dt-pswp-item layzr-bg\" title=\"Logo Conf\u00e9d\u00e9ration Nationale des Radios Associatives\" data-dt-img-description=\"\"  data-large_image_width=\"698\" data-large_image_height = \"326\" ><img decoding=\"async\" class=\"preload-me owl-lazy-load aspect\" src=\"data:image\/svg+xml,%3Csvg%20xmlns%3D&#39;http%3A%2F%2Fwww.w3.org%2F2000%2Fsvg&#39;%20viewBox%3D&#39;0%200%20698%20326&#39;%2F%3E\" data-src=\"https:\/\/contactfm72.fr\/wp-content\/uploads\/2018\/11\/Capture-de\u0301cran-2025-04-27-a\u0300-15.16.25.png\" data-srcset=\"https:\/\/contactfm72.fr\/wp-content\/uploads\/2018\/11\/Capture-de\u0301cran-2025-04-27-a\u0300-15.16.25.png 698w\" loading=\"eager\" style=\"--ratio: 698 \/ 326\" sizes=\"(max-width: 698px) 100vw, 698px\" alt=\"Logo Conf\u00e9d\u00e9ration Nationale des Radios Associatives\" width=\"698\" height=\"326\"  \/><span class=\"gallery-rollover\"><span class=\"gallery-zoom-ico icomoon-the7-font-the7-zoom-06\"><span><\/span><\/span><\/span><\/a><\/article><article class=\"post visible post-19309 attachment type-attachment status-inherit hentry\"><a href=\"https:\/\/www.sarthe.fr\/\" class=\"rollover-click-target rollover layzr-bg\" title=\"Logo Sarthe le d\u00e9partement\" data-dt-img-description=\"\"  data-large_image_width=\"1097\" data-large_image_height = \"294\"  target=\"_blank\"><img decoding=\"async\" class=\"preload-me owl-lazy-load aspect\" src=\"data:image\/svg+xml,%3Csvg%20xmlns%3D&#39;http%3A%2F%2Fwww.w3.org%2F2000%2Fsvg&#39;%20viewBox%3D&#39;0%200%20768%20206&#39;%2F%3E\" data-src=\"https:\/\/contactfm72.fr\/wp-content\/uploads\/2018\/11\/SartheDep-CMJN-768x206.png\" data-srcset=\"https:\/\/contactfm72.fr\/wp-content\/uploads\/2018\/11\/SartheDep-CMJN-768x206.png 768w, https:\/\/contactfm72.fr\/wp-content\/uploads\/2018\/11\/SartheDep-CMJN.png 1096w\" loading=\"eager\" style=\"--ratio: 768 \/ 206\" sizes=\"(max-width: 768px) 100vw, 768px\" alt=\"Logo Sarthe le d\u00e9partement\" width=\"768\" height=\"206\"  \/><span class=\"gallery-rollover\"><span class=\"gallery-zoom-ico icomoon-the7-font-the7-zoom-06\"><span><\/span><\/span><\/span><\/a><\/article><article class=\"post visible post-19310 attachment type-attachment status-inherit hentry\"><a href=\"https:\/\/www.loirluceberce.fr\/\" class=\"rollover-click-target rollover layzr-bg\" title=\"Communaut\u00e9 de communes Loir-Luc\u00e9-Berc\u00e9\" data-dt-img-description=\"\"  data-large_image_width=\"1200\" data-large_image_height = \"630\"  target=\"_blank\"><img decoding=\"async\" class=\"preload-me owl-lazy-load aspect\" src=\"data:image\/svg+xml,%3Csvg%20xmlns%3D&#39;http%3A%2F%2Fwww.w3.org%2F2000%2Fsvg&#39;%20viewBox%3D&#39;0%200%20768%20403&#39;%2F%3E\" data-src=\"https:\/\/contactfm72.fr\/wp-content\/uploads\/2018\/11\/CCLLB_1200x630-1200x630-1-768x403.png\" data-srcset=\"https:\/\/contactfm72.fr\/wp-content\/uploads\/2018\/11\/CCLLB_1200x630-1200x630-1-768x403.png 768w, https:\/\/contactfm72.fr\/wp-content\/uploads\/2018\/11\/CCLLB_1200x630-1200x630-1-1152x605.png 1152w\" loading=\"eager\" style=\"--ratio: 768 \/ 403\" sizes=\"(max-width: 768px) 100vw, 768px\" alt=\"Communaut\u00e9 de communes Loir-Luc\u00e9-Berc\u00e9\" width=\"768\" height=\"403\"  \/><span class=\"gallery-rollover\"><span class=\"gallery-zoom-ico icomoon-the7-font-the7-zoom-06\"><span><\/span><\/span><\/span><\/a><\/article><article class=\"post visible post-19311 attachment type-attachment status-inherit hentry\"><a href=\"https:\/\/contactfm72.fr\/wp-content\/uploads\/2018\/11\/comcom-sud-sarthe.jpg\" class=\"rollover-click-target rollover dt-pswp-item layzr-bg\" title=\"Communaut\u00e9 de Communes Sud Sarthe\" data-dt-img-description=\"\"  data-large_image_width=\"758\" data-large_image_height = \"421\" ><img decoding=\"async\" class=\"preload-me owl-lazy-load aspect\" src=\"data:image\/svg+xml,%3Csvg%20xmlns%3D&#39;http%3A%2F%2Fwww.w3.org%2F2000%2Fsvg&#39;%20viewBox%3D&#39;0%200%20758%20421&#39;%2F%3E\" data-src=\"https:\/\/contactfm72.fr\/wp-content\/uploads\/2018\/11\/comcom-sud-sarthe.jpg\" data-srcset=\"https:\/\/contactfm72.fr\/wp-content\/uploads\/2018\/11\/comcom-sud-sarthe.jpg 758w\" loading=\"eager\" style=\"--ratio: 758 \/ 421\" sizes=\"(max-width: 758px) 100vw, 758px\" alt=\"Communaut\u00e9 de Communes Sud Sarthe\" width=\"758\" height=\"421\"  \/><span class=\"gallery-rollover\"><span class=\"gallery-zoom-ico icomoon-the7-font-the7-zoom-06\"><span><\/span><\/span><\/span><\/a><\/article><article class=\"post visible post-19312 attachment type-attachment status-inherit hentry\"><a href=\"https:\/\/www.montvalsurloir.fr\/\" class=\"rollover-click-target rollover layzr-bg\" title=\"Logo Montval-sur-Loir\" data-dt-img-description=\"\"  data-large_image_width=\"1024\" data-large_image_height = \"500\"  target=\"_blank\"><img decoding=\"async\" class=\"preload-me owl-lazy-load aspect\" src=\"data:image\/svg+xml,%3Csvg%20xmlns%3D&#39;http%3A%2F%2Fwww.w3.org%2F2000%2Fsvg&#39;%20viewBox%3D&#39;0%200%20768%20375&#39;%2F%3E\" data-src=\"https:\/\/contactfm72.fr\/wp-content\/uploads\/2018\/11\/Logo_MSL_Bleu_Horizontal_Externe-768x375.png\" data-srcset=\"https:\/\/contactfm72.fr\/wp-content\/uploads\/2018\/11\/Logo_MSL_Bleu_Horizontal_Externe-768x375.png 768w, https:\/\/contactfm72.fr\/wp-content\/uploads\/2018\/11\/Logo_MSL_Bleu_Horizontal_Externe.png 1023w\" loading=\"eager\" style=\"--ratio: 768 \/ 375\" sizes=\"(max-width: 768px) 100vw, 768px\" alt=\"Logo Montval-sur-Loir\" width=\"768\" height=\"375\"  \/><span class=\"gallery-rollover\"><span class=\"gallery-zoom-ico icomoon-the7-font-the7-zoom-06\"><span><\/span><\/span><\/span><\/a><\/article><article class=\"post visible post-19313 attachment type-attachment status-inherit hentry\"><a href=\"https:\/\/www.ville-lelude.fr\/\" class=\"rollover-click-target rollover layzr-bg\" title=\"Logo Le Lude\" data-dt-img-description=\"\"  data-large_image_width=\"225\" data-large_image_height = \"225\"  target=\"_blank\"><img decoding=\"async\" class=\"preload-me owl-lazy-load aspect\" src=\"data:image\/svg+xml,%3Csvg%20xmlns%3D&#39;http%3A%2F%2Fwww.w3.org%2F2000%2Fsvg&#39;%20viewBox%3D&#39;0%200%20225%20225&#39;%2F%3E\" data-src=\"https:\/\/contactfm72.fr\/wp-content\/uploads\/2018\/11\/Logo-.png\" data-srcset=\"https:\/\/contactfm72.fr\/wp-content\/uploads\/2018\/11\/Logo-.png 225w\" loading=\"eager\" style=\"--ratio: 225 \/ 225\" sizes=\"(max-width: 225px) 100vw, 225px\" alt=\"Logo Le Lude\" width=\"225\" height=\"225\"  \/><span class=\"gallery-rollover\"><span class=\"gallery-zoom-ico icomoon-the7-font-the7-zoom-06\"><span><\/span><\/span><\/span><\/a><\/article><article class=\"post visible post-19314 attachment type-attachment status-inherit hentry\"><a href=\"https:\/\/www.aubigne-racan.com\/\" class=\"rollover-click-target rollover layzr-bg\" title=\"Logo Aubign\u00e9-Racan\" data-dt-img-description=\"\"  data-large_image_width=\"220\" data-large_image_height = \"220\"  target=\"_blank\"><img decoding=\"async\" class=\"preload-me owl-lazy-load aspect\" src=\"data:image\/svg+xml,%3Csvg%20xmlns%3D&#39;http%3A%2F%2Fwww.w3.org%2F2000%2Fsvg&#39;%20viewBox%3D&#39;0%200%20220%20220&#39;%2F%3E\" data-src=\"https:\/\/contactfm72.fr\/wp-content\/uploads\/2018\/11\/LOGO_Aubigne_Racan_614x614.png\" data-srcset=\"https:\/\/contactfm72.fr\/wp-content\/uploads\/2018\/11\/LOGO_Aubigne_Racan_614x614.png 220w\" loading=\"eager\" style=\"--ratio: 220 \/ 220\" sizes=\"(max-width: 220px) 100vw, 220px\" alt=\"Logo Aubign\u00e9-Racan\" width=\"220\" height=\"220\"  \/><span class=\"gallery-rollover\"><span class=\"gallery-zoom-ico icomoon-the7-font-the7-zoom-06\"><span><\/span><\/span><\/span><\/a><\/article><article class=\"post visible post-19315 attachment type-attachment status-inherit hentry\"><a href=\"https:\/\/www.vaas.fr\/\" class=\"rollover-click-target rollover layzr-bg\" title=\"Logo Vaas\" data-dt-img-description=\"\"  data-large_image_width=\"192\" data-large_image_height = \"246\"  target=\"_blank\"><img decoding=\"async\" class=\"preload-me owl-lazy-load aspect\" src=\"data:image\/svg+xml,%3Csvg%20xmlns%3D&#39;http%3A%2F%2Fwww.w3.org%2F2000%2Fsvg&#39;%20viewBox%3D&#39;0%200%20192%20246&#39;%2F%3E\" data-src=\"https:\/\/contactfm72.fr\/wp-content\/uploads\/2018\/11\/Logo-Vaas-.png\" data-srcset=\"https:\/\/contactfm72.fr\/wp-content\/uploads\/2018\/11\/Logo-Vaas-.png 192w\" loading=\"eager\" style=\"--ratio: 192 \/ 246\" sizes=\"(max-width: 192px) 100vw, 192px\" alt=\"Logo Vaas\" width=\"192\" height=\"246\"  \/><span class=\"gallery-rollover\"><span class=\"gallery-zoom-ico icomoon-the7-font-the7-zoom-06\"><span><\/span><\/span><\/span><\/a><\/article><article class=\"post visible post-19316 attachment type-attachment status-inherit hentry\"><a href=\"https:\/\/www.stpaterneracan.fr\/\" class=\"rollover-click-target rollover layzr-bg\" title=\"Logo Saint-Paterne-Racan\" data-dt-img-description=\"\"  data-large_image_width=\"211\" data-large_image_height = \"100\"  target=\"_blank\"><img decoding=\"async\" class=\"preload-me owl-lazy-load aspect\" src=\"data:image\/svg+xml,%3Csvg%20xmlns%3D&#39;http%3A%2F%2Fwww.w3.org%2F2000%2Fsvg&#39;%20viewBox%3D&#39;0%200%20211%20100&#39;%2F%3E\" data-src=\"https:\/\/contactfm72.fr\/wp-content\/uploads\/2018\/11\/Saint-Paterne-Racan-logo.png\" data-srcset=\"https:\/\/contactfm72.fr\/wp-content\/uploads\/2018\/11\/Saint-Paterne-Racan-logo.png 211w\" loading=\"eager\" style=\"--ratio: 211 \/ 100\" sizes=\"(max-width: 211px) 100vw, 211px\" alt=\"Logo Saint-Paterne-Racan\" width=\"211\" height=\"100\"  \/><span class=\"gallery-rollover\"><span class=\"gallery-zoom-ico icomoon-the7-font-the7-zoom-06\"><span><\/span><\/span><\/span><\/a><\/article><article class=\"post visible post-19317 attachment type-attachment status-inherit hentry\"><a href=\"https:\/\/contactfm72.fr\/wp-content\/uploads\/2018\/11\/Logo-FRAMA.jpg\" class=\"rollover-click-target rollover dt-pswp-item layzr-bg\" title=\"F\u00e9d\u00e9ration des Radios Associatives Maine Anjou\" data-dt-img-description=\"\"  data-large_image_width=\"1283\" data-large_image_height = \"431\" ><img decoding=\"async\" class=\"preload-me owl-lazy-load aspect\" src=\"data:image\/svg+xml,%3Csvg%20xmlns%3D&#39;http%3A%2F%2Fwww.w3.org%2F2000%2Fsvg&#39;%20viewBox%3D&#39;0%200%20768%20258&#39;%2F%3E\" data-src=\"https:\/\/contactfm72.fr\/wp-content\/uploads\/2018\/11\/Logo-FRAMA-768x258.jpg\" data-srcset=\"https:\/\/contactfm72.fr\/wp-content\/uploads\/2018\/11\/Logo-FRAMA-768x258.jpg 768w, https:\/\/contactfm72.fr\/wp-content\/uploads\/2018\/11\/Logo-FRAMA-1152x387.jpg 1152w\" loading=\"eager\" style=\"--ratio: 768 \/ 258\" sizes=\"(max-width: 768px) 100vw, 768px\" alt=\"F\u00e9d\u00e9ration des Radios Associatives Maine Anjou\" width=\"768\" height=\"258\"  \/><span class=\"gallery-rollover\"><span class=\"gallery-zoom-ico icomoon-the7-font-the7-zoom-06\"><span><\/span><\/span><\/span><\/a><\/article><article class=\"post visible post-19318 attachment type-attachment status-inherit hentry\"><a href=\"https:\/\/www.graphi-loir.fr\/\" class=\"rollover-click-target rollover layzr-bg\" title=\"Logo Graphiloir\" data-dt-img-description=\"\"  data-large_image_width=\"1600\" data-large_image_height = \"500\"  target=\"_blank\"><img decoding=\"async\" class=\"preload-me owl-lazy-load aspect\" src=\"data:image\/svg+xml,%3Csvg%20xmlns%3D&#39;http%3A%2F%2Fwww.w3.org%2F2000%2Fsvg&#39;%20viewBox%3D&#39;0%200%20768%20240&#39;%2F%3E\" data-src=\"https:\/\/contactfm72.fr\/wp-content\/uploads\/2018\/11\/Logo-Graphiloir-768x240.png\" data-srcset=\"https:\/\/contactfm72.fr\/wp-content\/uploads\/2018\/11\/Logo-Graphiloir-768x240.png 768w, https:\/\/contactfm72.fr\/wp-content\/uploads\/2018\/11\/Logo-Graphiloir-1152x360.png 1152w\" loading=\"eager\" style=\"--ratio: 768 \/ 240\" sizes=\"(max-width: 768px) 100vw, 768px\" alt=\"Logo Graphi-Loir\" width=\"768\" height=\"240\"  \/><span class=\"gallery-rollover\"><span class=\"gallery-zoom-ico icomoon-the7-font-the7-zoom-06\"><span><\/span><\/span><\/span><\/a><\/article><article class=\"post visible post-19319 attachment type-attachment status-inherit hentry\"><a href=\"https:\/\/contactfm72.fr\/wp-content\/uploads\/2018\/11\/Logo_Ouest-France.svg_.png\" class=\"rollover-click-target rollover dt-pswp-item layzr-bg\" title=\"Logo Ouest-France\" data-dt-img-description=\"\"  data-large_image_width=\"1200\" data-large_image_height = \"403\" ><img decoding=\"async\" class=\"preload-me owl-lazy-load aspect\" src=\"data:image\/svg+xml,%3Csvg%20xmlns%3D&#39;http%3A%2F%2Fwww.w3.org%2F2000%2Fsvg&#39;%20viewBox%3D&#39;0%200%20768%20258&#39;%2F%3E\" data-src=\"https:\/\/contactfm72.fr\/wp-content\/uploads\/2018\/11\/Logo_Ouest-France.svg_-768x258.png\" data-srcset=\"https:\/\/contactfm72.fr\/wp-content\/uploads\/2018\/11\/Logo_Ouest-France.svg_-768x258.png 768w, https:\/\/contactfm72.fr\/wp-content\/uploads\/2018\/11\/Logo_Ouest-France.svg_-1152x387.png 1152w\" loading=\"eager\" style=\"--ratio: 768 \/ 258\" sizes=\"(max-width: 768px) 100vw, 768px\" alt=\"Logo Ouest-France\" width=\"768\" height=\"258\"  \/><span class=\"gallery-rollover\"><span class=\"gallery-zoom-ico icomoon-the7-font-the7-zoom-06\"><span><\/span><\/span><\/span><\/a><\/article><article class=\"post visible post-19320 attachment type-attachment status-inherit hentry\"><a href=\"https:\/\/contactfm72.fr\/wp-content\/uploads\/2018\/11\/logo-lepetitcourrierl-echo.png\" class=\"rollover-click-target rollover dt-pswp-item layzr-bg\" title=\"Le Petit Courrier &#8211; L&#8217;\u00c9cho de la vall\u00e9e du Loir\" data-dt-img-description=\"\"  data-large_image_width=\"610\" data-large_image_height = \"258\" ><img decoding=\"async\" class=\"preload-me owl-lazy-load aspect\" src=\"data:image\/svg+xml,%3Csvg%20xmlns%3D&#39;http%3A%2F%2Fwww.w3.org%2F2000%2Fsvg&#39;%20viewBox%3D&#39;0%200%20610%20258&#39;%2F%3E\" data-src=\"https:\/\/contactfm72.fr\/wp-content\/uploads\/2018\/11\/logo-lepetitcourrierl-echo.png\" data-srcset=\"https:\/\/contactfm72.fr\/wp-content\/uploads\/2018\/11\/logo-lepetitcourrierl-echo.png 610w\" loading=\"eager\" style=\"--ratio: 610 \/ 258\" sizes=\"(max-width: 610px) 100vw, 610px\" alt=\"Le Petit Courrier - L&#039;\u00c9cho de la vall\u00e9e du Loir\" width=\"610\" height=\"258\"  \/><span class=\"gallery-rollover\"><span class=\"gallery-zoom-ico icomoon-the7-font-the7-zoom-06\"><span><\/span><\/span><\/span><\/a><\/article><article class=\"post visible post-19321 attachment type-attachment status-inherit hentry\"><a href=\"https:\/\/contactfm72.fr\/wp-content\/uploads\/2018\/11\/Ministe\u0300re_de_la_Culture.svg_.png\" class=\"rollover-click-target rollover dt-pswp-item layzr-bg\" title=\"Minist\u00e8re de la Culture\" data-dt-img-description=\"\"  data-large_image_width=\"2560\" data-large_image_height = \"1953\" ><img decoding=\"async\" class=\"preload-me owl-lazy-load aspect\" src=\"data:image\/svg+xml,%3Csvg%20xmlns%3D&#39;http%3A%2F%2Fwww.w3.org%2F2000%2Fsvg&#39;%20viewBox%3D&#39;0%200%20768%20586&#39;%2F%3E\" data-src=\"https:\/\/contactfm72.fr\/wp-content\/uploads\/2018\/11\/Ministe\u0300re_de_la_Culture.svg_-768x586.png\" data-srcset=\"https:\/\/contactfm72.fr\/wp-content\/uploads\/2018\/11\/Ministe\u0300re_de_la_Culture.svg_-768x586.png 768w, https:\/\/contactfm72.fr\/wp-content\/uploads\/2018\/11\/Ministe\u0300re_de_la_Culture.svg_-1152x879.png 1152w\" loading=\"eager\" style=\"--ratio: 768 \/ 586\" sizes=\"(max-width: 768px) 100vw, 768px\" alt=\"Minist\u00e8re de la Culture\" width=\"768\" height=\"586\"  \/><span class=\"gallery-rollover\"><span class=\"gallery-zoom-ico icomoon-the7-font-the7-zoom-06\"><span><\/span><\/span><\/span><\/a><\/article><article class=\"post visible post-19322 attachment type-attachment status-inherit hentry\"><a href=\"https:\/\/contactfm72.fr\/wp-content\/uploads\/2018\/11\/Syndic.jpg\" class=\"rollover-click-target rollover dt-pswp-item layzr-bg\" title=\"Syndicat National des Radios Libres\" data-dt-img-description=\"\"  data-large_image_width=\"1547\" data-large_image_height = \"573\" ><img decoding=\"async\" class=\"preload-me owl-lazy-load aspect\" src=\"data:image\/svg+xml,%3Csvg%20xmlns%3D&#39;http%3A%2F%2Fwww.w3.org%2F2000%2Fsvg&#39;%20viewBox%3D&#39;0%200%20768%20284&#39;%2F%3E\" data-src=\"https:\/\/contactfm72.fr\/wp-content\/uploads\/2018\/11\/Syndic-768x284.jpg\" data-srcset=\"https:\/\/contactfm72.fr\/wp-content\/uploads\/2018\/11\/Syndic-768x284.jpg 768w, https:\/\/contactfm72.fr\/wp-content\/uploads\/2018\/11\/Syndic-1152x426.jpg 1152w\" loading=\"eager\" style=\"--ratio: 768 \/ 284\" sizes=\"(max-width: 768px) 100vw, 768px\" alt=\"Syndicat National des Radios Libres\" width=\"768\" height=\"284\"  \/><span class=\"gallery-rollover\"><span class=\"gallery-zoom-ico icomoon-the7-font-the7-zoom-06\"><span><\/span><\/span><\/span><\/a><\/article><\/div>[vc_empty_space height=&#8221;50px&#8221; css=&#8221;.vc_custom_1555662335858{background-color: #ffffff !important;}&#8221;][\/vc_column][\/vc_row]<\/p>\n<\/div>","protected":false},"excerpt":{"rendered":"<p>[vc_row type=&#8221;vc_default&#8221; equal_height=&#8221;yes&#8221; css=&#8221;.vc_custom_1558360646610{margin-top: -30px !important;}&#8221;][vc_column css=&#8221;.vc_custom_1555603961001{background-color: #ffffff !important;}&#8221;][rev_slider_vc alias=&#8221;accueil&#8221;][vc_column_text css=&#8221;.vc_custom_1555661658495{padding-top: 10px !important;padding-right: 10px !important;padding-bottom: 10px !important;padding-left: 10px !important;background-color: #f20050 !important;}&#8221;] L\u2019ACTUALIT\u00c9 [\/vc_column_text][\/vc_column][\/vc_row][vc_row type=&#8221;vc_default&#8221; full_width=&#8221;stretch_row&#8221;][vc_column css=&#8221;.vc_custom_1555662483675{background-color: #ffffff !important;}&#8221;][vc_empty_space height=&#8221;50px&#8221; css=&#8221;.vc_custom_1555662335858{background-color: #ffffff !important;}&#8221;][vc_empty_space height=&#8221;50px&#8221; css=&#8221;.vc_custom_1555662335858{background-color: #ffffff !important;}&#8221;][\/vc_column][\/vc_row]<!-- AddThis Advanced Settings generic via filter on get_the_excerpt --><!-- AddThis Share Buttons generic via filter on get_the_excerpt --><\/p>\n","protected":false},"author":1,"featured_media":0,"parent":0,"menu_order":0,"comment_status":"closed","ping_status":"closed","template":"","meta":{"footnotes":""},"class_list":["post-6","page","type-page","status-publish","hentry","description-off"],"yoast_head":"<!-- This site is optimized with the Yoast SEO plugin v27.4 - https:\/\/yoast.com\/product\/yoast-seo-wordpress\/ -->\n<title>Accueil - Contact FM 99.3 % Votre radio en vall\u00e9e du Loir<\/title>\n<meta name=\"description\" content=\"Contact FM 99.3 votre radio en Vall\u00e9e du Loir. Toute l&#039;info locale du sud Sarthe et du nord Indre-et-Loire.\" \/>\n<meta name=\"robots\" content=\"index, follow, max-snippet:-1, max-image-preview:large, max-video-preview:-1\" \/>\n<link rel=\"canonical\" href=\"https:\/\/contactfm72.fr\/\" \/>\n<meta property=\"og:locale\" content=\"fr_FR\" \/>\n<meta property=\"og:type\" content=\"article\" \/>\n<meta property=\"og:title\" content=\"Accueil - Contact FM 99.3 % Votre radio en vall\u00e9e du Loir\" \/>\n<meta property=\"og:description\" content=\"Contact FM 99.3 votre radio en Vall\u00e9e du Loir. Toute l&#039;info locale du sud Sarthe et du nord Indre-et-Loire.\" \/>\n<meta property=\"og:url\" content=\"https:\/\/contactfm72.fr\/\" \/>\n<meta property=\"og:site_name\" content=\"Contact FM 99.3\" \/>\n<meta property=\"article:publisher\" content=\"https:\/\/www.facebook.com\/Contactfm.Chateauduloir\" \/>\n<meta property=\"article:modified_time\" content=\"2025-05-04T09:56:36+00:00\" \/>\n<meta name=\"twitter:card\" content=\"summary_large_image\" \/>\n<meta name=\"twitter:site\" content=\"@contactfm72\" \/>\n<meta name=\"twitter:label1\" content=\"Dur\u00e9e de lecture estim\u00e9e\" \/>\n\t<meta name=\"twitter:data1\" content=\"1 minute\" \/>\n<script type=\"application\/ld+json\" class=\"yoast-schema-graph\">{\"@context\":\"https:\\\/\\\/schema.org\",\"@graph\":[{\"@type\":\"WebPage\",\"@id\":\"https:\\\/\\\/contactfm72.fr\\\/\",\"url\":\"https:\\\/\\\/contactfm72.fr\\\/\",\"name\":\"Accueil - Contact FM 99.3 % Votre radio en vall\u00e9e du Loir\",\"isPartOf\":{\"@id\":\"https:\\\/\\\/contactfm72.fr\\\/#website\"},\"datePublished\":\"2018-11-01T13:52:06+00:00\",\"dateModified\":\"2025-05-04T09:56:36+00:00\",\"description\":\"Contact FM 99.3 votre radio en Vall\u00e9e du Loir. Toute l'info locale du sud Sarthe et du nord Indre-et-Loire.\",\"breadcrumb\":{\"@id\":\"https:\\\/\\\/contactfm72.fr\\\/#breadcrumb\"},\"inLanguage\":\"fr-FR\",\"potentialAction\":[{\"@type\":\"ReadAction\",\"target\":[\"https:\\\/\\\/contactfm72.fr\\\/\"]}]},{\"@type\":\"BreadcrumbList\",\"@id\":\"https:\\\/\\\/contactfm72.fr\\\/#breadcrumb\",\"itemListElement\":[{\"@type\":\"ListItem\",\"position\":1,\"name\":\"Accueil\",\"item\":\"https:\\\/\\\/contactfm72.fr\\\/\"},{\"@type\":\"ListItem\",\"position\":2,\"name\":\"Accueil\"}]},{\"@type\":\"WebSite\",\"@id\":\"https:\\\/\\\/contactfm72.fr\\\/#website\",\"url\":\"https:\\\/\\\/contactfm72.fr\\\/\",\"name\":\"Contact FM 99.3\",\"description\":\"Votre radio en vall\u00e9e du Loir\",\"publisher\":{\"@id\":\"https:\\\/\\\/contactfm72.fr\\\/#organization\"},\"potentialAction\":[{\"@type\":\"SearchAction\",\"target\":{\"@type\":\"EntryPoint\",\"urlTemplate\":\"https:\\\/\\\/contactfm72.fr\\\/?s={search_term_string}\"},\"query-input\":{\"@type\":\"PropertyValueSpecification\",\"valueRequired\":true,\"valueName\":\"search_term_string\"}}],\"inLanguage\":\"fr-FR\"},{\"@type\":\"Organization\",\"@id\":\"https:\\\/\\\/contactfm72.fr\\\/#organization\",\"name\":\"Contact FM 99.3\",\"url\":\"https:\\\/\\\/contactfm72.fr\\\/\",\"logo\":{\"@type\":\"ImageObject\",\"inLanguage\":\"fr-FR\",\"@id\":\"https:\\\/\\\/contactfm72.fr\\\/#\\\/schema\\\/logo\\\/image\\\/\",\"url\":\"https:\\\/\\\/contactfm72.fr\\\/wp-content\\\/uploads\\\/2025\\\/04\\\/2025-04-18-2.jpg\",\"contentUrl\":\"https:\\\/\\\/contactfm72.fr\\\/wp-content\\\/uploads\\\/2025\\\/04\\\/2025-04-18-2.jpg\",\"width\":680,\"height\":307,\"caption\":\"Contact FM 99.3\"},\"image\":{\"@id\":\"https:\\\/\\\/contactfm72.fr\\\/#\\\/schema\\\/logo\\\/image\\\/\"},\"sameAs\":[\"https:\\\/\\\/www.facebook.com\\\/Contactfm.Chateauduloir\",\"https:\\\/\\\/x.com\\\/contactfm72\",\"https:\\\/\\\/www.instagram.com\\\/contact.fm.72?igsh=cGhlMHQ5N2JlNnpp\",\"https:\\\/\\\/www.tiktok.com\\\/@contact.fm\"]}]}<\/script>\n<!-- \/ Yoast SEO plugin. -->","yoast_head_json":{"title":"Accueil - Contact FM 99.3 % Votre radio en vall\u00e9e du Loir","description":"Contact FM 99.3 votre radio en Vall\u00e9e du Loir. Toute l'info locale du sud Sarthe et du nord Indre-et-Loire.","robots":{"index":"index","follow":"follow","max-snippet":"max-snippet:-1","max-image-preview":"max-image-preview:large","max-video-preview":"max-video-preview:-1"},"canonical":"https:\/\/contactfm72.fr\/","og_locale":"fr_FR","og_type":"article","og_title":"Accueil - Contact FM 99.3 % Votre radio en vall\u00e9e du Loir","og_description":"Contact FM 99.3 votre radio en Vall\u00e9e du Loir. Toute l'info locale du sud Sarthe et du nord Indre-et-Loire.","og_url":"https:\/\/contactfm72.fr\/","og_site_name":"Contact FM 99.3","article_publisher":"https:\/\/www.facebook.com\/Contactfm.Chateauduloir","article_modified_time":"2025-05-04T09:56:36+00:00","twitter_card":"summary_large_image","twitter_site":"@contactfm72","twitter_misc":{"Dur\u00e9e de lecture estim\u00e9e":"1 minute"},"schema":{"@context":"https:\/\/schema.org","@graph":[{"@type":"WebPage","@id":"https:\/\/contactfm72.fr\/","url":"https:\/\/contactfm72.fr\/","name":"Accueil - Contact FM 99.3 % Votre radio en vall\u00e9e du Loir","isPartOf":{"@id":"https:\/\/contactfm72.fr\/#website"},"datePublished":"2018-11-01T13:52:06+00:00","dateModified":"2025-05-04T09:56:36+00:00","description":"Contact FM 99.3 votre radio en Vall\u00e9e du Loir. Toute l'info locale du sud Sarthe et du nord Indre-et-Loire.","breadcrumb":{"@id":"https:\/\/contactfm72.fr\/#breadcrumb"},"inLanguage":"fr-FR","potentialAction":[{"@type":"ReadAction","target":["https:\/\/contactfm72.fr\/"]}]},{"@type":"BreadcrumbList","@id":"https:\/\/contactfm72.fr\/#breadcrumb","itemListElement":[{"@type":"ListItem","position":1,"name":"Accueil","item":"https:\/\/contactfm72.fr\/"},{"@type":"ListItem","position":2,"name":"Accueil"}]},{"@type":"WebSite","@id":"https:\/\/contactfm72.fr\/#website","url":"https:\/\/contactfm72.fr\/","name":"Contact FM 99.3","description":"Votre radio en vall\u00e9e du Loir","publisher":{"@id":"https:\/\/contactfm72.fr\/#organization"},"potentialAction":[{"@type":"SearchAction","target":{"@type":"EntryPoint","urlTemplate":"https:\/\/contactfm72.fr\/?s={search_term_string}"},"query-input":{"@type":"PropertyValueSpecification","valueRequired":true,"valueName":"search_term_string"}}],"inLanguage":"fr-FR"},{"@type":"Organization","@id":"https:\/\/contactfm72.fr\/#organization","name":"Contact FM 99.3","url":"https:\/\/contactfm72.fr\/","logo":{"@type":"ImageObject","inLanguage":"fr-FR","@id":"https:\/\/contactfm72.fr\/#\/schema\/logo\/image\/","url":"https:\/\/contactfm72.fr\/wp-content\/uploads\/2025\/04\/2025-04-18-2.jpg","contentUrl":"https:\/\/contactfm72.fr\/wp-content\/uploads\/2025\/04\/2025-04-18-2.jpg","width":680,"height":307,"caption":"Contact FM 99.3"},"image":{"@id":"https:\/\/contactfm72.fr\/#\/schema\/logo\/image\/"},"sameAs":["https:\/\/www.facebook.com\/Contactfm.Chateauduloir","https:\/\/x.com\/contactfm72","https:\/\/www.instagram.com\/contact.fm.72?igsh=cGhlMHQ5N2JlNnpp","https:\/\/www.tiktok.com\/@contact.fm"]}]}},"_links":{"self":[{"href":"https:\/\/contactfm72.fr\/index.php?rest_route=\/wp\/v2\/pages\/6","targetHints":{"allow":["GET"]}}],"collection":[{"href":"https:\/\/contactfm72.fr\/index.php?rest_route=\/wp\/v2\/pages"}],"about":[{"href":"https:\/\/contactfm72.fr\/index.php?rest_route=\/wp\/v2\/types\/page"}],"author":[{"embeddable":true,"href":"https:\/\/contactfm72.fr\/index.php?rest_route=\/wp\/v2\/users\/1"}],"replies":[{"embeddable":true,"href":"https:\/\/contactfm72.fr\/index.php?rest_route=%2Fwp%2Fv2%2Fcomments&post=6"}],"version-history":[{"count":5,"href":"https:\/\/contactfm72.fr\/index.php?rest_route=\/wp\/v2\/pages\/6\/revisions"}],"predecessor-version":[{"id":19289,"href":"https:\/\/contactfm72.fr\/index.php?rest_route=\/wp\/v2\/pages\/6\/revisions\/19289"}],"wp:attachment":[{"href":"https:\/\/contactfm72.fr\/index.php?rest_route=%2Fwp%2Fv2%2Fmedia&parent=6"}],"curies":[{"name":"wp","href":"https:\/\/api.w.org\/{rel}","templated":true}]}}